{"id":4311,"date":"2023-06-26T18:25:29","date_gmt":"2023-06-26T16:25:29","guid":{"rendered":"https:\/\/poll-berlin.de\/galerie\/?page_id=4311"},"modified":"2026-03-18T14:58:55","modified_gmt":"2026-03-18T13:58:55","slug":"grafik","status":"publish","type":"page","link":"https:\/\/poll-berlin.de\/galerie\/weitere-kuenstler\/maxim-kantor\/grafik\/","title":{"rendered":"Grafik"},"content":{"rendered":"","protected":false},"excerpt":{"rendered":"","protected":false},"author":1,"featured_media":0,"parent":4306,"menu_order":3,"comment_status":"closed","ping_status":"closed","template":"kuenstler-galerie.php","meta":{"_acf_changed":false,"footnotes":""},"class_list":["post-4311","page","type-page","status-publish","hentry"],"acf":{"photo_gallery":{"bilder":[[{"id":45495,"title":"MK_Prodigal Son_2002_2003_web","caption":"Maxim Kantor, Prodigal Son, 2002\/2003, aus: Metropolis, Farbradierung, Lithographie, Aquatinta, Auflage: 75, 63,5 x 55,5 cm","full_image_url":"https:\/\/poll-berlin.de\/galerie\/wp-content\/uploads\/MK_Prodigal-Son_2002_2003_web.jpg","thumbnail_image_url":"https:\/\/poll-berlin.de\/galerie\/wp-content\/uploads\/MK_Prodigal-Son_2002_2003_web-150x150.jpg","large_srcset":"https:\/\/poll-berlin.de\/galerie\/wp-content\/uploads\/MK_Prodigal-Son_2002_2003_web-800x1058.jpg 800w, https:\/\/poll-berlin.de\/galerie\/wp-content\/uploads\/MK_Prodigal-Son_2002_2003_web-227x300.jpg 227w, https:\/\/poll-berlin.de\/galerie\/wp-content\/uploads\/MK_Prodigal-Son_2002_2003_web-768x1016.jpg 768w, https:\/\/poll-berlin.de\/galerie\/wp-content\/uploads\/MK_Prodigal-Son_2002_2003_web.jpg 1134w","medium_srcset":"https:\/\/poll-berlin.de\/galerie\/wp-content\/uploads\/MK_Prodigal-Son_2002_2003_web-227x300.jpg 227w, https:\/\/poll-berlin.de\/galerie\/wp-content\/uploads\/MK_Prodigal-Son_2002_2003_web-800x1058.jpg 800w, https:\/\/poll-berlin.de\/galerie\/wp-content\/uploads\/MK_Prodigal-Son_2002_2003_web-768x1016.jpg 768w, https:\/\/poll-berlin.de\/galerie\/wp-content\/uploads\/MK_Prodigal-Son_2002_2003_web.jpg 1134w","media_details":{"width":1134,"height":1500,"sizes":{"medium":{"file":"MK_Prodigal-Son_2002_2003_web-227x300.jpg","width":227,"height":300,"mime-type":"image\/jpeg","filesize":22483,"source_url":"https:\/\/poll-berlin.de\/galerie\/wp-content\/uploads\/MK_Prodigal-Son_2002_2003_web-227x300.jpg"},"large":{"file":"MK_Prodigal-Son_2002_2003_web-800x1058.jpg","width":800,"height":1058,"mime-type":"image\/jpeg","filesize":209231,"source_url":"https:\/\/poll-berlin.de\/galerie\/wp-content\/uploads\/MK_Prodigal-Son_2002_2003_web-800x1058.jpg"},"thumbnail":{"file":"MK_Prodigal-Son_2002_2003_web-150x150.jpg","width":150,"height":150,"mime-type":"image\/jpeg","filesize":8864,"source_url":"https:\/\/poll-berlin.de\/galerie\/wp-content\/uploads\/MK_Prodigal-Son_2002_2003_web-150x150.jpg"},"medium_large":{"file":"MK_Prodigal-Son_2002_2003_web-768x1016.jpg","width":768,"height":1016,"mime-type":"image\/jpeg","filesize":195247,"source_url":"https:\/\/poll-berlin.de\/galerie\/wp-content\/uploads\/MK_Prodigal-Son_2002_2003_web-768x1016.jpg"}}},"alt_text":"","url":"","target":""},{"id":45496,"title":"MK_Agony the Garden_2002_2003_web","caption":"Maxim Kantor, Agony the Garden, 2002\/2003, aus: Metropolis, Farbradierung, Lithographie, Aquatinta, Auflage: 75, 63,5 x 55,5 cm","full_image_url":"https:\/\/poll-berlin.de\/galerie\/wp-content\/uploads\/MK_Agony-the-Garden_2002_2003_web.jpg","thumbnail_image_url":"https:\/\/poll-berlin.de\/galerie\/wp-content\/uploads\/MK_Agony-the-Garden_2002_2003_web-150x150.jpg","large_srcset":"https:\/\/poll-berlin.de\/galerie\/wp-content\/uploads\/MK_Agony-the-Garden_2002_2003_web-800x1059.jpg 800w, https:\/\/poll-berlin.de\/galerie\/wp-content\/uploads\/MK_Agony-the-Garden_2002_2003_web-227x300.jpg 227w, https:\/\/poll-berlin.de\/galerie\/wp-content\/uploads\/MK_Agony-the-Garden_2002_2003_web-768x1017.jpg 768w, https:\/\/poll-berlin.de\/galerie\/wp-content\/uploads\/MK_Agony-the-Garden_2002_2003_web.jpg 1133w","medium_srcset":"https:\/\/poll-berlin.de\/galerie\/wp-content\/uploads\/MK_Agony-the-Garden_2002_2003_web-227x300.jpg 227w, https:\/\/poll-berlin.de\/galerie\/wp-content\/uploads\/MK_Agony-the-Garden_2002_2003_web-800x1059.jpg 800w, https:\/\/poll-berlin.de\/galerie\/wp-content\/uploads\/MK_Agony-the-Garden_2002_2003_web-768x1017.jpg 768w, https:\/\/poll-berlin.de\/galerie\/wp-content\/uploads\/MK_Agony-the-Garden_2002_2003_web.jpg 1133w","media_details":{"width":1133,"height":1500,"sizes":{"medium":{"file":"MK_Agony-the-Garden_2002_2003_web-227x300.jpg","width":227,"height":300,"mime-type":"image\/jpeg","filesize":23010,"source_url":"https:\/\/poll-berlin.de\/galerie\/wp-content\/uploads\/MK_Agony-the-Garden_2002_2003_web-227x300.jpg"},"large":{"file":"MK_Agony-the-Garden_2002_2003_web-800x1059.jpg","width":800,"height":1059,"mime-type":"image\/jpeg","filesize":198326,"source_url":"https:\/\/poll-berlin.de\/galerie\/wp-content\/uploads\/MK_Agony-the-Garden_2002_2003_web-800x1059.jpg"},"thumbnail":{"file":"MK_Agony-the-Garden_2002_2003_web-150x150.jpg","width":150,"height":150,"mime-type":"image\/jpeg","filesize":9903,"source_url":"https:\/\/poll-berlin.de\/galerie\/wp-content\/uploads\/MK_Agony-the-Garden_2002_2003_web-150x150.jpg"},"medium_large":{"file":"MK_Agony-the-Garden_2002_2003_web-768x1017.jpg","width":768,"height":1017,"mime-type":"image\/jpeg","filesize":185077,"source_url":"https:\/\/poll-berlin.de\/galerie\/wp-content\/uploads\/MK_Agony-the-Garden_2002_2003_web-768x1017.jpg"}}},"alt_text":"","url":"","target":""},{"id":34472,"title":"MK_Die Eltern_1999-01","caption":"Maxim Kantor, Die Eltern, ein Passant und Karl Marx (Nr. 14), Radierung, Aquatinta und Hochdruck auf handgesch\u00f6pftem s\u00e4urefreiem B\u00fcttenpapier, Auflage: 75, 63,5 x 56 cm, aus: Mappe \u201e\u00d6dland\u201c, 1999-2001","full_image_url":"https:\/\/poll-berlin.de\/galerie\/wp-content\/uploads\/MK_Die-Eltern_1999-01.jpg","thumbnail_image_url":"https:\/\/poll-berlin.de\/galerie\/wp-content\/uploads\/MK_Die-Eltern_1999-01-150x150.jpg","large_srcset":"https:\/\/poll-berlin.de\/galerie\/wp-content\/uploads\/MK_Die-Eltern_1999-01-800x912.jpg 800w, https:\/\/poll-berlin.de\/galerie\/wp-content\/uploads\/MK_Die-Eltern_1999-01-263x300.jpg 263w, https:\/\/poll-berlin.de\/galerie\/wp-content\/uploads\/MK_Die-Eltern_1999-01-768x876.jpg 768w, https:\/\/poll-berlin.de\/galerie\/wp-content\/uploads\/MK_Die-Eltern_1999-01-1347x1536.jpg 1347w, https:\/\/poll-berlin.de\/galerie\/wp-content\/uploads\/MK_Die-Eltern_1999-01.jpg 1511w","medium_srcset":"https:\/\/poll-berlin.de\/galerie\/wp-content\/uploads\/MK_Die-Eltern_1999-01-263x300.jpg 263w, https:\/\/poll-berlin.de\/galerie\/wp-content\/uploads\/MK_Die-Eltern_1999-01-800x912.jpg 800w, https:\/\/poll-berlin.de\/galerie\/wp-content\/uploads\/MK_Die-Eltern_1999-01-768x876.jpg 768w, https:\/\/poll-berlin.de\/galerie\/wp-content\/uploads\/MK_Die-Eltern_1999-01-1347x1536.jpg 1347w, https:\/\/poll-berlin.de\/galerie\/wp-content\/uploads\/MK_Die-Eltern_1999-01.jpg 1511w","media_details":{"width":1511,"height":1723,"sizes":{"medium":{"file":"MK_Die-Eltern_1999-01-263x300.jpg","width":263,"height":300,"mime-type":"image\/jpeg","filesize":30789,"source_url":"https:\/\/poll-berlin.de\/galerie\/wp-content\/uploads\/MK_Die-Eltern_1999-01-263x300.jpg"},"large":{"file":"MK_Die-Eltern_1999-01-800x912.jpg","width":800,"height":912,"mime-type":"image\/jpeg","filesize":248538,"source_url":"https:\/\/poll-berlin.de\/galerie\/wp-content\/uploads\/MK_Die-Eltern_1999-01-800x912.jpg"},"thumbnail":{"file":"MK_Die-Eltern_1999-01-150x150.jpg","width":150,"height":150,"mime-type":"image\/jpeg","filesize":10388,"source_url":"https:\/\/poll-berlin.de\/galerie\/wp-content\/uploads\/MK_Die-Eltern_1999-01-150x150.jpg"},"medium_large":{"file":"MK_Die-Eltern_1999-01-768x876.jpg","width":768,"height":876,"mime-type":"image\/jpeg","filesize":229830,"source_url":"https:\/\/poll-berlin.de\/galerie\/wp-content\/uploads\/MK_Die-Eltern_1999-01-768x876.jpg"},"1536x1536":{"file":"MK_Die-Eltern_1999-01-1347x1536.jpg","width":1347,"height":1536,"mime-type":"image\/jpeg","filesize":623268,"source_url":"https:\/\/poll-berlin.de\/galerie\/wp-content\/uploads\/MK_Die-Eltern_1999-01-1347x1536.jpg"}}},"alt_text":"","url":"","target":""},{"id":34471,"title":"MK_Rotwein_1999-01","caption":"Maxim Kantor, Rotwein (Nr. 32), Radierung, Aquatinta und Hochdruck auf handgesch\u00f6pftem s\u00e4urefreiem B\u00fcttenpapier, Auflage: 75, 63,5 x 56 cm, aus: Mappe \u201e\u00d6dland\u201c, 1999-2001","full_image_url":"https:\/\/poll-berlin.de\/galerie\/wp-content\/uploads\/MK_Rotwein_1999-01.jpg","thumbnail_image_url":"https:\/\/poll-berlin.de\/galerie\/wp-content\/uploads\/MK_Rotwein_1999-01-150x150.jpg","large_srcset":"https:\/\/poll-berlin.de\/galerie\/wp-content\/uploads\/MK_Rotwein_1999-01-800x915.jpg 800w, https:\/\/poll-berlin.de\/galerie\/wp-content\/uploads\/MK_Rotwein_1999-01-262x300.jpg 262w, https:\/\/poll-berlin.de\/galerie\/wp-content\/uploads\/MK_Rotwein_1999-01-768x878.jpg 768w, https:\/\/poll-berlin.de\/galerie\/wp-content\/uploads\/MK_Rotwein_1999-01-1343x1536.jpg 1343w, https:\/\/poll-berlin.de\/galerie\/wp-content\/uploads\/MK_Rotwein_1999-01.jpg 1498w","medium_srcset":"https:\/\/poll-berlin.de\/galerie\/wp-content\/uploads\/MK_Rotwein_1999-01-262x300.jpg 262w, https:\/\/poll-berlin.de\/galerie\/wp-content\/uploads\/MK_Rotwein_1999-01-800x915.jpg 800w, https:\/\/poll-berlin.de\/galerie\/wp-content\/uploads\/MK_Rotwein_1999-01-768x878.jpg 768w, https:\/\/poll-berlin.de\/galerie\/wp-content\/uploads\/MK_Rotwein_1999-01-1343x1536.jpg 1343w, https:\/\/poll-berlin.de\/galerie\/wp-content\/uploads\/MK_Rotwein_1999-01.jpg 1498w","media_details":{"width":1498,"height":1713,"sizes":{"medium":{"file":"MK_Rotwein_1999-01-262x300.jpg","width":262,"height":300,"mime-type":"image\/jpeg","filesize":21290,"source_url":"https:\/\/poll-berlin.de\/galerie\/wp-content\/uploads\/MK_Rotwein_1999-01-262x300.jpg"},"large":{"file":"MK_Rotwein_1999-01-800x915.jpg","width":800,"height":915,"mime-type":"image\/jpeg","filesize":175494,"source_url":"https:\/\/poll-berlin.de\/galerie\/wp-content\/uploads\/MK_Rotwein_1999-01-800x915.jpg"},"thumbnail":{"file":"MK_Rotwein_1999-01-150x150.jpg","width":150,"height":150,"mime-type":"image\/jpeg","filesize":7913,"source_url":"https:\/\/poll-berlin.de\/galerie\/wp-content\/uploads\/MK_Rotwein_1999-01-150x150.jpg"},"medium_large":{"file":"MK_Rotwein_1999-01-768x878.jpg","width":768,"height":878,"mime-type":"image\/jpeg","filesize":161146,"source_url":"https:\/\/poll-berlin.de\/galerie\/wp-content\/uploads\/MK_Rotwein_1999-01-768x878.jpg"},"1536x1536":{"file":"MK_Rotwein_1999-01-1343x1536.jpg","width":1343,"height":1536,"mime-type":"image\/jpeg","filesize":457544,"source_url":"https:\/\/poll-berlin.de\/galerie\/wp-content\/uploads\/MK_Rotwein_1999-01-1343x1536.jpg"}}},"alt_text":"","url":"","target":""},{"id":34470,"title":"MK_Markt_1999-01 und","caption":"Maxim Kantor, Markt und streunender Hund (Nr. 56), Radierung, Aquatinta und Hochdruck auf handgesch\u00f6pftem s\u00e4urefreiem B\u00fcttenpapier, Auflage: 75, 63,5 x 56 cm, aus: Mappe \u201e\u00d6dland\u201c, 1999-2001","full_image_url":"https:\/\/poll-berlin.de\/galerie\/wp-content\/uploads\/MK_Markt_1999-01-und.jpg","thumbnail_image_url":"https:\/\/poll-berlin.de\/galerie\/wp-content\/uploads\/MK_Markt_1999-01-und-150x150.jpg","large_srcset":"https:\/\/poll-berlin.de\/galerie\/wp-content\/uploads\/MK_Markt_1999-01-und-800x917.jpg 800w, https:\/\/poll-berlin.de\/galerie\/wp-content\/uploads\/MK_Markt_1999-01-und-262x300.jpg 262w, https:\/\/poll-berlin.de\/galerie\/wp-content\/uploads\/MK_Markt_1999-01-und-768x880.jpg 768w, https:\/\/poll-berlin.de\/galerie\/wp-content\/uploads\/MK_Markt_1999-01-und-1340x1536.jpg 1340w, https:\/\/poll-berlin.de\/galerie\/wp-content\/uploads\/MK_Markt_1999-01-und.jpg 1459w","medium_srcset":"https:\/\/poll-berlin.de\/galerie\/wp-content\/uploads\/MK_Markt_1999-01-und-262x300.jpg 262w, https:\/\/poll-berlin.de\/galerie\/wp-content\/uploads\/MK_Markt_1999-01-und-800x917.jpg 800w, https:\/\/poll-berlin.de\/galerie\/wp-content\/uploads\/MK_Markt_1999-01-und-768x880.jpg 768w, https:\/\/poll-berlin.de\/galerie\/wp-content\/uploads\/MK_Markt_1999-01-und-1340x1536.jpg 1340w, https:\/\/poll-berlin.de\/galerie\/wp-content\/uploads\/MK_Markt_1999-01-und.jpg 1459w","media_details":{"width":1459,"height":1672,"sizes":{"medium":{"file":"MK_Markt_1999-01-und-262x300.jpg","width":262,"height":300,"mime-type":"image\/jpeg","filesize":27145,"source_url":"https:\/\/poll-berlin.de\/galerie\/wp-content\/uploads\/MK_Markt_1999-01-und-262x300.jpg"},"large":{"file":"MK_Markt_1999-01-und-800x917.jpg","width":800,"height":917,"mime-type":"image\/jpeg","filesize":215558,"source_url":"https:\/\/poll-berlin.de\/galerie\/wp-content\/uploads\/MK_Markt_1999-01-und-800x917.jpg"},"thumbnail":{"file":"MK_Markt_1999-01-und-150x150.jpg","width":150,"height":150,"mime-type":"image\/jpeg","filesize":9065,"source_url":"https:\/\/poll-berlin.de\/galerie\/wp-content\/uploads\/MK_Markt_1999-01-und-150x150.jpg"},"medium_large":{"file":"MK_Markt_1999-01-und-768x880.jpg","width":768,"height":880,"mime-type":"image\/jpeg","filesize":200580,"source_url":"https:\/\/poll-berlin.de\/galerie\/wp-content\/uploads\/MK_Markt_1999-01-und-768x880.jpg"},"1536x1536":{"file":"MK_Markt_1999-01-und-1340x1536.jpg","width":1340,"height":1536,"mime-type":"image\/jpeg","filesize":519657,"source_url":"https:\/\/poll-berlin.de\/galerie\/wp-content\/uploads\/MK_Markt_1999-01-und-1340x1536.jpg"}}},"alt_text":"","url":"","target":""},{"id":34469,"title":"MK_Explosion_1999-01","caption":"Maxim Kantor, Explosion (Nr. 63), Radierung, Aquatinta und Hochdruck auf handgesch\u00f6pftem s\u00e4urefreiem B\u00fcttenpapier, Auflage: 75, 63,5 x 56 cm, aus: Mappe \u201e\u00d6dland\u201c, 1999-2001","full_image_url":"https:\/\/poll-berlin.de\/galerie\/wp-content\/uploads\/MK_Explosion_1999-01.jpg","thumbnail_image_url":"https:\/\/poll-berlin.de\/galerie\/wp-content\/uploads\/MK_Explosion_1999-01-150x150.jpg","large_srcset":"https:\/\/poll-berlin.de\/galerie\/wp-content\/uploads\/MK_Explosion_1999-01-800x945.jpg 800w, https:\/\/poll-berlin.de\/galerie\/wp-content\/uploads\/MK_Explosion_1999-01-254x300.jpg 254w, https:\/\/poll-berlin.de\/galerie\/wp-content\/uploads\/MK_Explosion_1999-01-768x908.jpg 768w, https:\/\/poll-berlin.de\/galerie\/wp-content\/uploads\/MK_Explosion_1999-01-1300x1536.jpg 1300w, https:\/\/poll-berlin.de\/galerie\/wp-content\/uploads\/MK_Explosion_1999-01.jpg 1447w","medium_srcset":"https:\/\/poll-berlin.de\/galerie\/wp-content\/uploads\/MK_Explosion_1999-01-254x300.jpg 254w, https:\/\/poll-berlin.de\/galerie\/wp-content\/uploads\/MK_Explosion_1999-01-800x945.jpg 800w, https:\/\/poll-berlin.de\/galerie\/wp-content\/uploads\/MK_Explosion_1999-01-768x908.jpg 768w, https:\/\/poll-berlin.de\/galerie\/wp-content\/uploads\/MK_Explosion_1999-01-1300x1536.jpg 1300w, https:\/\/poll-berlin.de\/galerie\/wp-content\/uploads\/MK_Explosion_1999-01.jpg 1447w","media_details":{"width":1447,"height":1710,"sizes":{"medium":{"file":"MK_Explosion_1999-01-254x300.jpg","width":254,"height":300,"mime-type":"image\/jpeg","filesize":23616,"source_url":"https:\/\/poll-berlin.de\/galerie\/wp-content\/uploads\/MK_Explosion_1999-01-254x300.jpg"},"large":{"file":"MK_Explosion_1999-01-800x945.jpg","width":800,"height":945,"mime-type":"image\/jpeg","filesize":170970,"source_url":"https:\/\/poll-berlin.de\/galerie\/wp-content\/uploads\/MK_Explosion_1999-01-800x945.jpg"},"thumbnail":{"file":"MK_Explosion_1999-01-150x150.jpg","width":150,"height":150,"mime-type":"image\/jpeg","filesize":9431,"source_url":"https:\/\/poll-berlin.de\/galerie\/wp-content\/uploads\/MK_Explosion_1999-01-150x150.jpg"},"medium_large":{"file":"MK_Explosion_1999-01-768x908.jpg","width":768,"height":908,"mime-type":"image\/jpeg","filesize":159087,"source_url":"https:\/\/poll-berlin.de\/galerie\/wp-content\/uploads\/MK_Explosion_1999-01-768x908.jpg"},"1536x1536":{"file":"MK_Explosion_1999-01-1300x1536.jpg","width":1300,"height":1536,"mime-type":"image\/jpeg","filesize":400975,"source_url":"https:\/\/poll-berlin.de\/galerie\/wp-content\/uploads\/MK_Explosion_1999-01-1300x1536.jpg"}}},"alt_text":"","url":"","target":""},{"id":34468,"title":"MK_Baum_1997","caption":"Maxim Kantor, Baum, 1997, Radierung, Auflage: 30, 139 x 49 cm","full_image_url":"https:\/\/poll-berlin.de\/galerie\/wp-content\/uploads\/MK_Baum_1997-scaled.jpg","thumbnail_image_url":"https:\/\/poll-berlin.de\/galerie\/wp-content\/uploads\/MK_Baum_1997-150x150.jpg","large_srcset":"https:\/\/poll-berlin.de\/galerie\/wp-content\/uploads\/MK_Baum_1997-449x1200.jpg 449w, https:\/\/poll-berlin.de\/galerie\/wp-content\/uploads\/MK_Baum_1997-112x300.jpg 112w, https:\/\/poll-berlin.de\/galerie\/wp-content\/uploads\/MK_Baum_1997-768x2052.jpg 768w, https:\/\/poll-berlin.de\/galerie\/wp-content\/uploads\/MK_Baum_1997-575x1536.jpg 575w, https:\/\/poll-berlin.de\/galerie\/wp-content\/uploads\/MK_Baum_1997-766x2048.jpg 766w, https:\/\/poll-berlin.de\/galerie\/wp-content\/uploads\/MK_Baum_1997-scaled.jpg 958w","medium_srcset":"https:\/\/poll-berlin.de\/galerie\/wp-content\/uploads\/MK_Baum_1997-112x300.jpg 112w, https:\/\/poll-berlin.de\/galerie\/wp-content\/uploads\/MK_Baum_1997-449x1200.jpg 449w, https:\/\/poll-berlin.de\/galerie\/wp-content\/uploads\/MK_Baum_1997-768x2052.jpg 768w, https:\/\/poll-berlin.de\/galerie\/wp-content\/uploads\/MK_Baum_1997-575x1536.jpg 575w, https:\/\/poll-berlin.de\/galerie\/wp-content\/uploads\/MK_Baum_1997-766x2048.jpg 766w, https:\/\/poll-berlin.de\/galerie\/wp-content\/uploads\/MK_Baum_1997-scaled.jpg 958w","media_details":{"width":958,"height":2560,"sizes":{"medium":{"file":"MK_Baum_1997-112x300.jpg","width":112,"height":300,"mime-type":"image\/jpeg","filesize":11648,"source_url":"https:\/\/poll-berlin.de\/galerie\/wp-content\/uploads\/MK_Baum_1997-112x300.jpg"},"large":{"file":"MK_Baum_1997-449x1200.jpg","width":449,"height":1200,"mime-type":"image\/jpeg","filesize":173860,"source_url":"https:\/\/poll-berlin.de\/galerie\/wp-content\/uploads\/MK_Baum_1997-449x1200.jpg"},"thumbnail":{"file":"MK_Baum_1997-150x150.jpg","width":150,"height":150,"mime-type":"image\/jpeg","filesize":7686,"source_url":"https:\/\/poll-berlin.de\/galerie\/wp-content\/uploads\/MK_Baum_1997-150x150.jpg"},"medium_large":{"file":"MK_Baum_1997-768x2052.jpg","width":768,"height":2052,"mime-type":"image\/jpeg","filesize":467260,"source_url":"https:\/\/poll-berlin.de\/galerie\/wp-content\/uploads\/MK_Baum_1997-768x2052.jpg"},"1536x1536":{"file":"MK_Baum_1997-575x1536.jpg","width":575,"height":1536,"mime-type":"image\/jpeg","filesize":278598,"source_url":"https:\/\/poll-berlin.de\/galerie\/wp-content\/uploads\/MK_Baum_1997-575x1536.jpg"},"2048x2048":{"file":"MK_Baum_1997-766x2048.jpg","width":766,"height":2048,"mime-type":"image\/jpeg","filesize":465332,"source_url":"https:\/\/poll-berlin.de\/galerie\/wp-content\/uploads\/MK_Baum_1997-766x2048.jpg"}}},"alt_text":"","url":"","target":""},{"id":34467,"title":"MK_Familie_1997","caption":"Maxim Kantor, Familie, 1997, Radierung und Aquatinta, Auflage: 50, 68,5 x 158,5 cm","full_image_url":"https:\/\/poll-berlin.de\/galerie\/wp-content\/uploads\/MK_Familie_1997.jpg","thumbnail_image_url":"https:\/\/poll-berlin.de\/galerie\/wp-content\/uploads\/MK_Familie_1997-150x150.jpg","large_srcset":"https:\/\/poll-berlin.de\/galerie\/wp-content\/uploads\/MK_Familie_1997-800x357.jpg 800w, https:\/\/poll-berlin.de\/galerie\/wp-content\/uploads\/MK_Familie_1997-300x134.jpg 300w, https:\/\/poll-berlin.de\/galerie\/wp-content\/uploads\/MK_Familie_1997-768x342.jpg 768w, https:\/\/poll-berlin.de\/galerie\/wp-content\/uploads\/MK_Familie_1997-1536x685.jpg 1536w, https:\/\/poll-berlin.de\/galerie\/wp-content\/uploads\/MK_Familie_1997-2048x913.jpg 2048w, https:\/\/poll-berlin.de\/galerie\/wp-content\/uploads\/MK_Familie_1997.jpg 1800w","medium_srcset":"https:\/\/poll-berlin.de\/galerie\/wp-content\/uploads\/MK_Familie_1997-300x134.jpg 300w, https:\/\/poll-berlin.de\/galerie\/wp-content\/uploads\/MK_Familie_1997-800x357.jpg 800w, https:\/\/poll-berlin.de\/galerie\/wp-content\/uploads\/MK_Familie_1997-768x342.jpg 768w, https:\/\/poll-berlin.de\/galerie\/wp-content\/uploads\/MK_Familie_1997-1536x685.jpg 1536w, https:\/\/poll-berlin.de\/galerie\/wp-content\/uploads\/MK_Familie_1997-2048x913.jpg 2048w, https:\/\/poll-berlin.de\/galerie\/wp-content\/uploads\/MK_Familie_1997.jpg 1800w","media_details":{"width":1800,"height":802,"sizes":{"medium":{"file":"MK_Familie_1997-300x134.jpg","width":300,"height":134,"mime-type":"image\/jpeg","filesize":18947,"source_url":"https:\/\/poll-berlin.de\/galerie\/wp-content\/uploads\/MK_Familie_1997-300x134.jpg"},"large":{"file":"MK_Familie_1997-800x357.jpg","width":800,"height":357,"mime-type":"image\/jpeg","filesize":123595,"source_url":"https:\/\/poll-berlin.de\/galerie\/wp-content\/uploads\/MK_Familie_1997-800x357.jpg"},"thumbnail":{"file":"MK_Familie_1997-150x150.jpg","width":150,"height":150,"mime-type":"image\/jpeg","filesize":11282,"source_url":"https:\/\/poll-berlin.de\/galerie\/wp-content\/uploads\/MK_Familie_1997-150x150.jpg"},"medium_large":{"file":"MK_Familie_1997-768x342.jpg","width":768,"height":342,"mime-type":"image\/jpeg","filesize":114110,"source_url":"https:\/\/poll-berlin.de\/galerie\/wp-content\/uploads\/MK_Familie_1997-768x342.jpg"},"1536x1536":{"file":"MK_Familie_1997-1536x685.jpg","width":1536,"height":685,"mime-type":"image\/jpeg","filesize":383200,"source_url":"https:\/\/poll-berlin.de\/galerie\/wp-content\/uploads\/MK_Familie_1997-1536x685.jpg"},"2048x2048":{"file":"MK_Familie_1997-2048x913.jpg","width":2048,"height":913,"mime-type":"image\/jpeg","filesize":623939,"source_url":"https:\/\/poll-berlin.de\/galerie\/wp-content\/uploads\/MK_Familie_1997-2048x913.jpg"}}},"alt_text":"","url":"","target":""},{"id":34466,"title":"MK_Portr\u00e4t des Vaters_1997","caption":"Maxim Kantor, Portr\u00e4t des Vaters, 1997, Radierung, Auflage: 25, 78,5 x 79,5 cm","full_image_url":"https:\/\/poll-berlin.de\/galerie\/wp-content\/uploads\/MK_Portraet-des-Vaters_1997.jpg","thumbnail_image_url":"https:\/\/poll-berlin.de\/galerie\/wp-content\/uploads\/MK_Portraet-des-Vaters_1997-150x150.jpg","large_srcset":"https:\/\/poll-berlin.de\/galerie\/wp-content\/uploads\/MK_Portraet-des-Vaters_1997.jpg 517w, https:\/\/poll-berlin.de\/galerie\/wp-content\/uploads\/MK_Portraet-des-Vaters_1997-300x297.jpg 300w, https:\/\/poll-berlin.de\/galerie\/wp-content\/uploads\/MK_Portraet-des-Vaters_1997-150x150.jpg 150w","medium_srcset":"https:\/\/poll-berlin.de\/galerie\/wp-content\/uploads\/MK_Portraet-des-Vaters_1997-300x297.jpg 300w, https:\/\/poll-berlin.de\/galerie\/wp-content\/uploads\/MK_Portraet-des-Vaters_1997-150x150.jpg 150w, https:\/\/poll-berlin.de\/galerie\/wp-content\/uploads\/MK_Portraet-des-Vaters_1997.jpg 517w","media_details":{"width":517,"height":512,"sizes":{"medium":{"file":"MK_Portraet-des-Vaters_1997-300x297.jpg","width":300,"height":297,"mime-type":"image\/jpeg","filesize":28091,"source_url":"https:\/\/poll-berlin.de\/galerie\/wp-content\/uploads\/MK_Portraet-des-Vaters_1997-300x297.jpg"},"thumbnail":{"file":"MK_Portraet-des-Vaters_1997-150x150.jpg","width":150,"height":150,"mime-type":"image\/jpeg","filesize":8148,"source_url":"https:\/\/poll-berlin.de\/galerie\/wp-content\/uploads\/MK_Portraet-des-Vaters_1997-150x150.jpg"}}},"alt_text":"","url":"","target":""},{"id":34465,"title":"MK_Lena_1997","caption":"Maxim Kantor, Lena, 1997, Radierung, Auflage: 25, 78,5 x 79,5 cm","full_image_url":"https:\/\/poll-berlin.de\/galerie\/wp-content\/uploads\/MK_Lena_1997.jpg","thumbnail_image_url":"https:\/\/poll-berlin.de\/galerie\/wp-content\/uploads\/MK_Lena_1997-150x150.jpg","large_srcset":"https:\/\/poll-berlin.de\/galerie\/wp-content\/uploads\/MK_Lena_1997-800x800.jpg 800w, https:\/\/poll-berlin.de\/galerie\/wp-content\/uploads\/MK_Lena_1997-300x300.jpg 300w, https:\/\/poll-berlin.de\/galerie\/wp-content\/uploads\/MK_Lena_1997-150x150.jpg 150w, https:\/\/poll-berlin.de\/galerie\/wp-content\/uploads\/MK_Lena_1997-768x768.jpg 768w, https:\/\/poll-berlin.de\/galerie\/wp-content\/uploads\/MK_Lena_1997.jpg 1036w","medium_srcset":"https:\/\/poll-berlin.de\/galerie\/wp-content\/uploads\/MK_Lena_1997-300x300.jpg 300w, https:\/\/poll-berlin.de\/galerie\/wp-content\/uploads\/MK_Lena_1997-800x800.jpg 800w, https:\/\/poll-berlin.de\/galerie\/wp-content\/uploads\/MK_Lena_1997-150x150.jpg 150w, https:\/\/poll-berlin.de\/galerie\/wp-content\/uploads\/MK_Lena_1997-768x768.jpg 768w, https:\/\/poll-berlin.de\/galerie\/wp-content\/uploads\/MK_Lena_1997.jpg 1036w","media_details":{"width":1036,"height":1036,"sizes":{"medium":{"file":"MK_Lena_1997-300x300.jpg","width":300,"height":300,"mime-type":"image\/jpeg","filesize":23540,"source_url":"https:\/\/poll-berlin.de\/galerie\/wp-content\/uploads\/MK_Lena_1997-300x300.jpg"},"large":{"file":"MK_Lena_1997-800x800.jpg","width":800,"height":800,"mime-type":"image\/jpeg","filesize":142878,"source_url":"https:\/\/poll-berlin.de\/galerie\/wp-content\/uploads\/MK_Lena_1997-800x800.jpg"},"thumbnail":{"file":"MK_Lena_1997-150x150.jpg","width":150,"height":150,"mime-type":"image\/jpeg","filesize":6424,"source_url":"https:\/\/poll-berlin.de\/galerie\/wp-content\/uploads\/MK_Lena_1997-150x150.jpg"},"medium_large":{"file":"MK_Lena_1997-768x768.jpg","width":768,"height":768,"mime-type":"image\/jpeg","filesize":133295,"source_url":"https:\/\/poll-berlin.de\/galerie\/wp-content\/uploads\/MK_Lena_1997-768x768.jpg"}}},"alt_text":"","url":"","target":""}]]}},"_links":{"self":[{"href":"https:\/\/poll-berlin.de\/galerie\/wp-json\/wp\/v2\/pages\/4311","targetHints":{"allow":["GET"]}}],"collection":[{"href":"https:\/\/poll-berlin.de\/galerie\/wp-json\/wp\/v2\/pages"}],"about":[{"href":"https:\/\/poll-berlin.de\/galerie\/wp-json\/wp\/v2\/types\/page"}],"author":[{"embeddable":true,"href":"https:\/\/poll-berlin.de\/galerie\/wp-json\/wp\/v2\/users\/1"}],"replies":[{"embeddable":true,"href":"https:\/\/poll-berlin.de\/galerie\/wp-json\/wp\/v2\/comments?post=4311"}],"version-history":[{"count":10,"href":"https:\/\/poll-berlin.de\/galerie\/wp-json\/wp\/v2\/pages\/4311\/revisions"}],"predecessor-version":[{"id":34486,"href":"https:\/\/poll-berlin.de\/galerie\/wp-json\/wp\/v2\/pages\/4311\/revisions\/34486"}],"up":[{"embeddable":true,"href":"https:\/\/poll-berlin.de\/galerie\/wp-json\/wp\/v2\/pages\/4306"}],"wp:attachment":[{"href":"https:\/\/poll-berlin.de\/galerie\/wp-json\/wp\/v2\/media?parent=4311"}],"curies":[{"name":"wp","href":"https:\/\/api.w.org\/{rel}","templated":true}]}}