{"id":40006,"date":"2024-11-20T14:18:07","date_gmt":"2024-11-20T13:18:07","guid":{"rendered":"https:\/\/poll-berlin.de\/galerie\/?page_id=40006"},"modified":"2025-07-30T18:19:05","modified_gmt":"2025-07-30T16:19:05","slug":"biografie","status":"publish","type":"page","link":"https:\/\/poll-berlin.de\/galerie\/weitere-kuenstler\/eduardo-arroyo\/biografie\/","title":{"rendered":"Biografie"},"content":{"rendered":"\n<p><strong>Biografie<\/strong><\/p>\n\n\n\n<div style=\"height:10px\" aria-hidden=\"true\" class=\"wp-block-spacer\"><\/div>\n\n\n\n<figure class=\"wp-block-table\"><table><tbody><tr><td>1937<\/td><td>geboren in Madrid<\/td><\/tr><tr><td>1958<\/td><td>Umzug nach Paris, Arbeit als Schriftsteller und Journalist<\/td><\/tr><tr><td>1963<\/td><td>Mitglied des Komitees des \u201eSalon de la Jeune Peinture\u201c, Paris<br>Zensur und Schlie\u00dfung der 1. Einzelausstellung in der Galer\u00eda Biosca, Madrid<\/td><\/tr><tr><td>1968<\/td><td>zeitweiser Aufenthalt in Mailand, Zusammenarbeit mit Klaus Michael Gr\u00fcber<\/td><\/tr><tr><td>1969<\/td><td>Entwurf von B\u00fchnenbildern f\u00fcr zahlreiche europ\u00e4ische Theaterproduktionen<\/td><\/tr><tr><td>1973<\/td><td>Gr\u00fcndung eines Ateliers in La Ruche, Paris<\/td><\/tr><tr><td>1974<\/td><td>Ernennung zum Kommissionsmitglied f\u00fcr die Biennale in Venedig<br>Inhaftierung in Valencia und Ausweisung aus Spanien<br>Anerkennung als politischer Fl\u00fcchtling in Frankreich<\/td><\/tr><tr><td>1975-1976<\/td><td>Aufenthalt in Berlin (DAAD-Stipendium), R\u00fcckkehr nach Spanien<\/td><\/tr><tr><td>1982<\/td><td>Ver\u00f6ffentlichung der Biographie des Boxers Panama Al Brown<\/td><\/tr><tr><td>1986<\/td><td>Urauff\u00fchrung des Theaterst\u00fccks \u201eBantam\u201c im M\u00fcnchner Residenztheater<\/td><\/tr><tr><td>2018<\/td><td>gestorben in Madrid<\/td><\/tr><\/tbody><\/table><\/figure>\n\n\n\n<div style=\"height:10px\" aria-hidden=\"true\" class=\"wp-block-spacer\"><\/div>\n\n\n\n<p><strong>Preise und Stipendien<\/strong><\/p>\n\n\n\n<div style=\"height:10px\" aria-hidden=\"true\" class=\"wp-block-spacer\"><\/div>\n\n\n\n<figure class=\"wp-block-table\"><table><tbody><tr><td>1983<\/td><td>Gro\u00dfer Nationalpreis f\u00fcr Malerei in Spanien<\/td><\/tr><tr><td>1975<\/td><td>DAAD-Stipendium f\u00fcr Bildende Kunst, Berlin<\/td><\/tr><\/tbody><\/table><\/figure>\n","protected":false},"excerpt":{"rendered":"<p>Biografie 1937 geboren in Madrid 1958 Umzug nach Paris, Arbeit als Schriftsteller und Journalist 1963 Mitglied des Komitees des \u201eSalon de la Jeune Peinture\u201c, ParisZensur und Schlie\u00dfung der 1. Einzelausstellung in der Galer\u00eda Biosca, Madrid 1968 zeitweiser Aufenthalt in Mailand, Zusammenarbeit mit Klaus Michael Gr\u00fcber 1969 Entwurf von B\u00fchnenbildern f\u00fcr zahlreiche europ\u00e4ische Theaterproduktionen 1973 Gr\u00fcndung [&hellip;]<\/p>\n","protected":false},"author":1,"featured_media":0,"parent":40004,"menu_order":0,"comment_status":"closed","ping_status":"closed","template":"kuenstler-text.php","meta":{"_acf_changed":false,"footnotes":""},"class_list":["post-40006","page","type-page","status-publish","hentry"],"acf":[],"_links":{"self":[{"href":"https:\/\/poll-berlin.de\/galerie\/wp-json\/wp\/v2\/pages\/40006","targetHints":{"allow":["GET"]}}],"collection":[{"href":"https:\/\/poll-berlin.de\/galerie\/wp-json\/wp\/v2\/pages"}],"about":[{"href":"https:\/\/poll-berlin.de\/galerie\/wp-json\/wp\/v2\/types\/page"}],"author":[{"embeddable":true,"href":"https:\/\/poll-berlin.de\/galerie\/wp-json\/wp\/v2\/users\/1"}],"replies":[{"embeddable":true,"href":"https:\/\/poll-berlin.de\/galerie\/wp-json\/wp\/v2\/comments?post=40006"}],"version-history":[{"count":5,"href":"https:\/\/poll-berlin.de\/galerie\/wp-json\/wp\/v2\/pages\/40006\/revisions"}],"predecessor-version":[{"id":43819,"href":"https:\/\/poll-berlin.de\/galerie\/wp-json\/wp\/v2\/pages\/40006\/revisions\/43819"}],"up":[{"embeddable":true,"href":"https:\/\/poll-berlin.de\/galerie\/wp-json\/wp\/v2\/pages\/40004"}],"wp:attachment":[{"href":"https:\/\/poll-berlin.de\/galerie\/wp-json\/wp\/v2\/media?parent=40006"}],"curies":[{"name":"wp","href":"https:\/\/api.w.org\/{rel}","templated":true}]}}