{"id":33634,"date":"2023-08-08T17:33:14","date_gmt":"2023-08-08T15:33:14","guid":{"rendered":"https:\/\/poll-berlin.de\/galerie\/kuenstler-der-galerie\/norbert-wagenbrett\/kataloge\/katalog-3-wagenbrett\/"},"modified":"2024-10-22T12:41:30","modified_gmt":"2024-10-22T10:41:30","slug":"katalog-3-wagenbrett","status":"publish","type":"page","link":"https:\/\/poll-berlin.de\/galerie\/kuenstler-der-galerie\/norbert-wagenbrett\/kataloge\/katalog-3-wagenbrett\/","title":{"rendered":"Katalog 3 &#8211; Wagenbrett"},"content":{"rendered":"\n<p><strong>Norbert Wagenbrett. Vor den Masken<\/strong><br>Museum der Bildenden K\u00fcnste Leipzig (Hrsg.), Texte von Marcus Andrew Hurttig, Richard H\u00fcttel und Norbert Wagenbrett, Katalog anl\u00e4sslich der gleichnamigen Ausstellung im Museum der Bildenden K\u00fcnste Leipzig (7.5.-16.8.2020), Leipzig 2020, 25 x 19,7 cm, 88 Seiten, zahlreiche Farbabbildungen, Softcover, ISBN 978-3860600498<br>14 Euro<\/p>\n","protected":false},"excerpt":{"rendered":"<p>Norbert Wagenbrett. Vor den MaskenMuseum der Bildenden K\u00fcnste Leipzig (Hrsg.), Texte von Marcus Andrew Hurttig, Richard H\u00fcttel und Norbert Wagenbrett, Katalog anl\u00e4sslich der gleichnamigen Ausstellung im Museum der Bildenden K\u00fcnste Leipzig (7.5.-16.8.2020), Leipzig 2020, 25 x 19,7 cm, 88 Seiten, zahlreiche Farbabbildungen, Softcover, ISBN 978-386060049814 Euro<\/p>\n","protected":false},"author":2,"featured_media":33632,"parent":1225,"menu_order":2,"comment_status":"closed","ping_status":"closed","template":"kuenstler-katalog.php","meta":{"_acf_changed":false,"footnotes":""},"class_list":["post-33634","page","type-page","status-publish","has-post-thumbnail","hentry"],"acf":{"photo_gallery":{"bilder":[[]]}},"_links":{"self":[{"href":"https:\/\/poll-berlin.de\/galerie\/wp-json\/wp\/v2\/pages\/33634","targetHints":{"allow":["GET"]}}],"collection":[{"href":"https:\/\/poll-berlin.de\/galerie\/wp-json\/wp\/v2\/pages"}],"about":[{"href":"https:\/\/poll-berlin.de\/galerie\/wp-json\/wp\/v2\/types\/page"}],"author":[{"embeddable":true,"href":"https:\/\/poll-berlin.de\/galerie\/wp-json\/wp\/v2\/users\/2"}],"replies":[{"embeddable":true,"href":"https:\/\/poll-berlin.de\/galerie\/wp-json\/wp\/v2\/comments?post=33634"}],"version-history":[{"count":4,"href":"https:\/\/poll-berlin.de\/galerie\/wp-json\/wp\/v2\/pages\/33634\/revisions"}],"predecessor-version":[{"id":39382,"href":"https:\/\/poll-berlin.de\/galerie\/wp-json\/wp\/v2\/pages\/33634\/revisions\/39382"}],"up":[{"embeddable":true,"href":"https:\/\/poll-berlin.de\/galerie\/wp-json\/wp\/v2\/pages\/1225"}],"wp:featuredmedia":[{"embeddable":true,"href":"https:\/\/poll-berlin.de\/galerie\/wp-json\/wp\/v2\/media\/33632"}],"wp:attachment":[{"href":"https:\/\/poll-berlin.de\/galerie\/wp-json\/wp\/v2\/media?parent=33634"}],"curies":[{"name":"wp","href":"https:\/\/api.w.org\/{rel}","templated":true}]}}