{"id":26,"date":"2021-03-30T23:08:23","date_gmt":"2021-03-30T21:08:23","guid":{"rendered":"https:\/\/poll-berlin.de\/galerie\/peer-boehm\/biografie\/"},"modified":"2023-08-24T12:49:06","modified_gmt":"2023-08-24T10:49:06","slug":"biografie","status":"publish","type":"page","link":"https:\/\/poll-berlin.de\/galerie\/kuenstler-der-galerie\/peer-boehm\/biografie\/","title":{"rendered":"Biografie"},"content":{"rendered":"\n<p><strong>Biografie<\/strong><\/p>\n\n\n\n<div style=\"height:10px\" aria-hidden=\"true\" class=\"wp-block-spacer\"><\/div>\n\n\n\n<figure class=\"wp-block-table\"><table><tbody><tr><td>1968<\/td><td>geboren in K\u00f6ln<\/td><\/tr><tr><td>1990-1994<\/td><td>Studium der Kunstgeschichte, Arch\u00e4ologie und Germanistik an der Universit\u00e4t zu K\u00f6ln<\/td><\/tr><tr><td>1997<\/td><td>Mitbegr\u00fcnder der Produzentengalerie \u201eKunstgewinn\u201c<\/td><\/tr><tr><td>1999<\/td><td>Mitbegr\u00fcnder der K\u00fcnstlergruppe \u201eitinerarti\u201d<\/td><\/tr><tr><td>2006<\/td><td>Gr\u00fcndung der K\u00fcnstlergruppe \u201eDie Kunstkreditkarte \u2013 Was Sch\u00f6nes f\u00fcr unterwegs\u201c<\/td><\/tr><tr><td>2011-2019<\/td><td>Mitglied und Vorstand beim Kunstverein \u201e68elf e.V.\u201c<\/td><\/tr><\/tbody><\/table><\/figure>\n\n\n\n<p>Peer Boehm lebt und arbeitet in K\u00f6ln.<\/p>\n\n\n\n<div style=\"height:10px\" aria-hidden=\"true\" class=\"wp-block-spacer\"><\/div>\n","protected":false},"excerpt":{"rendered":"<p>Biografie 1968 geboren in K\u00f6ln 1990-1994 Studium der Kunstgeschichte, Arch\u00e4ologie und Germanistik an der Universit\u00e4t zu K\u00f6ln 1997 Mitbegr\u00fcnder der Produzentengalerie \u201eKunstgewinn\u201c 1999 Mitbegr\u00fcnder der K\u00fcnstlergruppe \u201eitinerarti\u201d 2006 Gr\u00fcndung der K\u00fcnstlergruppe \u201eDie Kunstkreditkarte \u2013 Was Sch\u00f6nes f\u00fcr unterwegs\u201c 2011-2019 Mitglied und Vorstand beim Kunstverein \u201e68elf e.V.\u201c Peer Boehm lebt und arbeitet in K\u00f6ln.<\/p>\n","protected":false},"author":1,"featured_media":0,"parent":19,"menu_order":0,"comment_status":"closed","ping_status":"closed","template":"kuenstler-text.php","meta":{"_acf_changed":false,"footnotes":""},"class_list":["post-26","page","type-page","status-publish","hentry"],"acf":[],"_links":{"self":[{"href":"https:\/\/poll-berlin.de\/galerie\/wp-json\/wp\/v2\/pages\/26","targetHints":{"allow":["GET"]}}],"collection":[{"href":"https:\/\/poll-berlin.de\/galerie\/wp-json\/wp\/v2\/pages"}],"about":[{"href":"https:\/\/poll-berlin.de\/galerie\/wp-json\/wp\/v2\/types\/page"}],"author":[{"embeddable":true,"href":"https:\/\/poll-berlin.de\/galerie\/wp-json\/wp\/v2\/users\/1"}],"replies":[{"embeddable":true,"href":"https:\/\/poll-berlin.de\/galerie\/wp-json\/wp\/v2\/comments?post=26"}],"version-history":[{"count":18,"href":"https:\/\/poll-berlin.de\/galerie\/wp-json\/wp\/v2\/pages\/26\/revisions"}],"predecessor-version":[{"id":34090,"href":"https:\/\/poll-berlin.de\/galerie\/wp-json\/wp\/v2\/pages\/26\/revisions\/34090"}],"up":[{"embeddable":true,"href":"https:\/\/poll-berlin.de\/galerie\/wp-json\/wp\/v2\/pages\/19"}],"wp:attachment":[{"href":"https:\/\/poll-berlin.de\/galerie\/wp-json\/wp\/v2\/media?parent=26"}],"curies":[{"name":"wp","href":"https:\/\/api.w.org\/{rel}","templated":true}]}}