{"id":188,"date":"2021-05-07T12:04:49","date_gmt":"2021-05-07T10:04:49","guid":{"rendered":"https:\/\/poll-berlin.de\/galerie\/?page_id=188"},"modified":"2022-06-02T16:15:24","modified_gmt":"2022-06-02T14:15:24","slug":"daniel-poller","status":"publish","type":"page","link":"https:\/\/poll-berlin.de\/galerie\/kuenstler-der-galerie\/daniel-poller\/","title":{"rendered":"Daniel Poller"},"content":{"rendered":"","protected":false},"excerpt":{"rendered":"","protected":false},"author":2,"featured_media":409,"parent":45,"menu_order":22,"comment_status":"closed","ping_status":"closed","template":"kuenstler.php","meta":{"_acf_changed":false,"footnotes":""},"class_list":["post-188","page","type-page","status-publish","has-post-thumbnail","hentry"],"acf":{"photo_gallery":{"bilder":[[{"id":25955,"title":"DSC7990","caption":"Daniel Poller, Birds of Tegel, 2022, Archival Pigment Print, verschiedene Formate","full_image_url":"https:\/\/poll-berlin.de\/galerie\/wp-content\/uploads\/Birds-of-Tegel-quer_DSC7990_web.jpg","thumbnail_image_url":"https:\/\/poll-berlin.de\/galerie\/wp-content\/uploads\/Birds-of-Tegel-quer_DSC7990_web-150x150.jpg","large_srcset":"https:\/\/poll-berlin.de\/galerie\/wp-content\/uploads\/Birds-of-Tegel-quer_DSC7990_web-800x534.jpg 800w, https:\/\/poll-berlin.de\/galerie\/wp-content\/uploads\/Birds-of-Tegel-quer_DSC7990_web-300x200.jpg 300w, https:\/\/poll-berlin.de\/galerie\/wp-content\/uploads\/Birds-of-Tegel-quer_DSC7990_web-768x513.jpg 768w, https:\/\/poll-berlin.de\/galerie\/wp-content\/uploads\/Birds-of-Tegel-quer_DSC7990_web.jpg 1500w","medium_srcset":"https:\/\/poll-berlin.de\/galerie\/wp-content\/uploads\/Birds-of-Tegel-quer_DSC7990_web-300x200.jpg 300w, https:\/\/poll-berlin.de\/galerie\/wp-content\/uploads\/Birds-of-Tegel-quer_DSC7990_web-800x534.jpg 800w, https:\/\/poll-berlin.de\/galerie\/wp-content\/uploads\/Birds-of-Tegel-quer_DSC7990_web-768x513.jpg 768w, https:\/\/poll-berlin.de\/galerie\/wp-content\/uploads\/Birds-of-Tegel-quer_DSC7990_web.jpg 1500w","media_details":{"width":1500,"height":1001,"sizes":{"medium":{"file":"Birds-of-Tegel-quer_DSC7990_web-300x200.jpg","width":300,"height":200,"mime-type":"image\/jpeg","source_url":"https:\/\/poll-berlin.de\/galerie\/wp-content\/uploads\/Birds-of-Tegel-quer_DSC7990_web-300x200.jpg"},"large":{"file":"Birds-of-Tegel-quer_DSC7990_web-800x534.jpg","width":800,"height":534,"mime-type":"image\/jpeg","source_url":"https:\/\/poll-berlin.de\/galerie\/wp-content\/uploads\/Birds-of-Tegel-quer_DSC7990_web-800x534.jpg"},"thumbnail":{"file":"Birds-of-Tegel-quer_DSC7990_web-150x150.jpg","width":150,"height":150,"mime-type":"image\/jpeg","source_url":"https:\/\/poll-berlin.de\/galerie\/wp-content\/uploads\/Birds-of-Tegel-quer_DSC7990_web-150x150.jpg"},"medium_large":{"file":"Birds-of-Tegel-quer_DSC7990_web-768x513.jpg","width":768,"height":513,"mime-type":"image\/jpeg","source_url":"https:\/\/poll-berlin.de\/galerie\/wp-content\/uploads\/Birds-of-Tegel-quer_DSC7990_web-768x513.jpg"}}},"alt_text":"","url":"","target":""},{"id":25978,"title":"DSC8281","caption":"Daniel Poller, Birds of Tegel, 2022, Archival Pigment Print, verschiedene Formate","full_image_url":"https:\/\/poll-berlin.de\/galerie\/wp-content\/uploads\/2_DSC8281_web.jpg","thumbnail_image_url":"https:\/\/poll-berlin.de\/galerie\/wp-content\/uploads\/2_DSC8281_web-150x150.jpg","large_srcset":"https:\/\/poll-berlin.de\/galerie\/wp-content\/uploads\/2_DSC8281_web-800x1200.jpg 800w, https:\/\/poll-berlin.de\/galerie\/wp-content\/uploads\/2_DSC8281_web-200x300.jpg 200w, https:\/\/poll-berlin.de\/galerie\/wp-content\/uploads\/2_DSC8281_web-768x1152.jpg 768w, https:\/\/poll-berlin.de\/galerie\/wp-content\/uploads\/2_DSC8281_web.jpg 1000w","medium_srcset":"https:\/\/poll-berlin.de\/galerie\/wp-content\/uploads\/2_DSC8281_web-200x300.jpg 200w, https:\/\/poll-berlin.de\/galerie\/wp-content\/uploads\/2_DSC8281_web-800x1200.jpg 800w, https:\/\/poll-berlin.de\/galerie\/wp-content\/uploads\/2_DSC8281_web-768x1152.jpg 768w, https:\/\/poll-berlin.de\/galerie\/wp-content\/uploads\/2_DSC8281_web.jpg 1000w","media_details":{"width":1000,"height":1500,"sizes":{"medium":{"file":"2_DSC8281_web-200x300.jpg","width":200,"height":300,"mime-type":"image\/jpeg","source_url":"https:\/\/poll-berlin.de\/galerie\/wp-content\/uploads\/2_DSC8281_web-200x300.jpg"},"large":{"file":"2_DSC8281_web-800x1200.jpg","width":800,"height":1200,"mime-type":"image\/jpeg","source_url":"https:\/\/poll-berlin.de\/galerie\/wp-content\/uploads\/2_DSC8281_web-800x1200.jpg"},"thumbnail":{"file":"2_DSC8281_web-150x150.jpg","width":150,"height":150,"mime-type":"image\/jpeg","source_url":"https:\/\/poll-berlin.de\/galerie\/wp-content\/uploads\/2_DSC8281_web-150x150.jpg"},"medium_large":{"file":"2_DSC8281_web-768x1152.jpg","width":768,"height":1152,"mime-type":"image\/jpeg","source_url":"https:\/\/poll-berlin.de\/galerie\/wp-content\/uploads\/2_DSC8281_web-768x1152.jpg"}}},"alt_text":"","url":"","target":""},{"id":25979,"title":"DSC6631","caption":"Daniel Poller, Birds of Tegel, 2022, Archival Pigment Print, verschiedene Formate","full_image_url":"https:\/\/poll-berlin.de\/galerie\/wp-content\/uploads\/3_DSC6631_web.jpg","thumbnail_image_url":"https:\/\/poll-berlin.de\/galerie\/wp-content\/uploads\/3_DSC6631_web-150x150.jpg","large_srcset":"https:\/\/poll-berlin.de\/galerie\/wp-content\/uploads\/3_DSC6631_web-800x1200.jpg 800w, https:\/\/poll-berlin.de\/galerie\/wp-content\/uploads\/3_DSC6631_web-200x300.jpg 200w, https:\/\/poll-berlin.de\/galerie\/wp-content\/uploads\/3_DSC6631_web-768x1152.jpg 768w, https:\/\/poll-berlin.de\/galerie\/wp-content\/uploads\/3_DSC6631_web.jpg 1000w","medium_srcset":"https:\/\/poll-berlin.de\/galerie\/wp-content\/uploads\/3_DSC6631_web-200x300.jpg 200w, https:\/\/poll-berlin.de\/galerie\/wp-content\/uploads\/3_DSC6631_web-800x1200.jpg 800w, https:\/\/poll-berlin.de\/galerie\/wp-content\/uploads\/3_DSC6631_web-768x1152.jpg 768w, https:\/\/poll-berlin.de\/galerie\/wp-content\/uploads\/3_DSC6631_web.jpg 1000w","media_details":{"width":1000,"height":1500,"sizes":{"medium":{"file":"3_DSC6631_web-200x300.jpg","width":200,"height":300,"mime-type":"image\/jpeg","source_url":"https:\/\/poll-berlin.de\/galerie\/wp-content\/uploads\/3_DSC6631_web-200x300.jpg"},"large":{"file":"3_DSC6631_web-800x1200.jpg","width":800,"height":1200,"mime-type":"image\/jpeg","source_url":"https:\/\/poll-berlin.de\/galerie\/wp-content\/uploads\/3_DSC6631_web-800x1200.jpg"},"thumbnail":{"file":"3_DSC6631_web-150x150.jpg","width":150,"height":150,"mime-type":"image\/jpeg","source_url":"https:\/\/poll-berlin.de\/galerie\/wp-content\/uploads\/3_DSC6631_web-150x150.jpg"},"medium_large":{"file":"3_DSC6631_web-768x1152.jpg","width":768,"height":1152,"mime-type":"image\/jpeg","source_url":"https:\/\/poll-berlin.de\/galerie\/wp-content\/uploads\/3_DSC6631_web-768x1152.jpg"}}},"alt_text":"","url":"","target":""},{"id":25980,"title":"DSC6815","caption":"Daniel Poller, Birds of Tegel, 2022, Archival Pigment Print, verschiedene Formate","full_image_url":"https:\/\/poll-berlin.de\/galerie\/wp-content\/uploads\/4_DSC6815_web.jpg","thumbnail_image_url":"https:\/\/poll-berlin.de\/galerie\/wp-content\/uploads\/4_DSC6815_web-150x150.jpg","large_srcset":"https:\/\/poll-berlin.de\/galerie\/wp-content\/uploads\/4_DSC6815_web-800x1200.jpg 800w, https:\/\/poll-berlin.de\/galerie\/wp-content\/uploads\/4_DSC6815_web-200x300.jpg 200w, https:\/\/poll-berlin.de\/galerie\/wp-content\/uploads\/4_DSC6815_web-768x1152.jpg 768w, https:\/\/poll-berlin.de\/galerie\/wp-content\/uploads\/4_DSC6815_web.jpg 1000w","medium_srcset":"https:\/\/poll-berlin.de\/galerie\/wp-content\/uploads\/4_DSC6815_web-200x300.jpg 200w, https:\/\/poll-berlin.de\/galerie\/wp-content\/uploads\/4_DSC6815_web-800x1200.jpg 800w, https:\/\/poll-berlin.de\/galerie\/wp-content\/uploads\/4_DSC6815_web-768x1152.jpg 768w, https:\/\/poll-berlin.de\/galerie\/wp-content\/uploads\/4_DSC6815_web.jpg 1000w","media_details":{"width":1000,"height":1500,"sizes":{"medium":{"file":"4_DSC6815_web-200x300.jpg","width":200,"height":300,"mime-type":"image\/jpeg","source_url":"https:\/\/poll-berlin.de\/galerie\/wp-content\/uploads\/4_DSC6815_web-200x300.jpg"},"large":{"file":"4_DSC6815_web-800x1200.jpg","width":800,"height":1200,"mime-type":"image\/jpeg","source_url":"https:\/\/poll-berlin.de\/galerie\/wp-content\/uploads\/4_DSC6815_web-800x1200.jpg"},"thumbnail":{"file":"4_DSC6815_web-150x150.jpg","width":150,"height":150,"mime-type":"image\/jpeg","source_url":"https:\/\/poll-berlin.de\/galerie\/wp-content\/uploads\/4_DSC6815_web-150x150.jpg"},"medium_large":{"file":"4_DSC6815_web-768x1152.jpg","width":768,"height":1152,"mime-type":"image\/jpeg","source_url":"https:\/\/poll-berlin.de\/galerie\/wp-content\/uploads\/4_DSC6815_web-768x1152.jpg"}}},"alt_text":"","url":"","target":""},{"id":25981,"title":"DSC8191","caption":"Daniel Poller, Birds of Tegel, 2022, Archival Pigment Print, verschiedene Formate","full_image_url":"https:\/\/poll-berlin.de\/galerie\/wp-content\/uploads\/5_DSC8191_web.jpg","thumbnail_image_url":"https:\/\/poll-berlin.de\/galerie\/wp-content\/uploads\/5_DSC8191_web-150x150.jpg","large_srcset":"https:\/\/poll-berlin.de\/galerie\/wp-content\/uploads\/5_DSC8191_web-800x1200.jpg 800w, https:\/\/poll-berlin.de\/galerie\/wp-content\/uploads\/5_DSC8191_web-200x300.jpg 200w, https:\/\/poll-berlin.de\/galerie\/wp-content\/uploads\/5_DSC8191_web-768x1152.jpg 768w, https:\/\/poll-berlin.de\/galerie\/wp-content\/uploads\/5_DSC8191_web.jpg 1000w","medium_srcset":"https:\/\/poll-berlin.de\/galerie\/wp-content\/uploads\/5_DSC8191_web-200x300.jpg 200w, https:\/\/poll-berlin.de\/galerie\/wp-content\/uploads\/5_DSC8191_web-800x1200.jpg 800w, https:\/\/poll-berlin.de\/galerie\/wp-content\/uploads\/5_DSC8191_web-768x1152.jpg 768w, https:\/\/poll-berlin.de\/galerie\/wp-content\/uploads\/5_DSC8191_web.jpg 1000w","media_details":{"width":1000,"height":1500,"sizes":{"medium":{"file":"5_DSC8191_web-200x300.jpg","width":200,"height":300,"mime-type":"image\/jpeg","source_url":"https:\/\/poll-berlin.de\/galerie\/wp-content\/uploads\/5_DSC8191_web-200x300.jpg"},"large":{"file":"5_DSC8191_web-800x1200.jpg","width":800,"height":1200,"mime-type":"image\/jpeg","source_url":"https:\/\/poll-berlin.de\/galerie\/wp-content\/uploads\/5_DSC8191_web-800x1200.jpg"},"thumbnail":{"file":"5_DSC8191_web-150x150.jpg","width":150,"height":150,"mime-type":"image\/jpeg","source_url":"https:\/\/poll-berlin.de\/galerie\/wp-content\/uploads\/5_DSC8191_web-150x150.jpg"},"medium_large":{"file":"5_DSC8191_web-768x1152.jpg","width":768,"height":1152,"mime-type":"image\/jpeg","source_url":"https:\/\/poll-berlin.de\/galerie\/wp-content\/uploads\/5_DSC8191_web-768x1152.jpg"}}},"alt_text":"","url":"","target":""},{"id":25982,"title":"DSC8000","caption":"Daniel Poller, Birds of Tegel, 2022, Archival Pigment Print, verschiedene Formate","full_image_url":"https:\/\/poll-berlin.de\/galerie\/wp-content\/uploads\/6_DSC8000_web.jpg","thumbnail_image_url":"https:\/\/poll-berlin.de\/galerie\/wp-content\/uploads\/6_DSC8000_web-150x150.jpg","large_srcset":"https:\/\/poll-berlin.de\/galerie\/wp-content\/uploads\/6_DSC8000_web-800x1200.jpg 800w, https:\/\/poll-berlin.de\/galerie\/wp-content\/uploads\/6_DSC8000_web-200x300.jpg 200w, https:\/\/poll-berlin.de\/galerie\/wp-content\/uploads\/6_DSC8000_web-768x1152.jpg 768w, https:\/\/poll-berlin.de\/galerie\/wp-content\/uploads\/6_DSC8000_web.jpg 1000w","medium_srcset":"https:\/\/poll-berlin.de\/galerie\/wp-content\/uploads\/6_DSC8000_web-200x300.jpg 200w, https:\/\/poll-berlin.de\/galerie\/wp-content\/uploads\/6_DSC8000_web-800x1200.jpg 800w, https:\/\/poll-berlin.de\/galerie\/wp-content\/uploads\/6_DSC8000_web-768x1152.jpg 768w, https:\/\/poll-berlin.de\/galerie\/wp-content\/uploads\/6_DSC8000_web.jpg 1000w","media_details":{"width":1000,"height":1500,"sizes":{"medium":{"file":"6_DSC8000_web-200x300.jpg","width":200,"height":300,"mime-type":"image\/jpeg","source_url":"https:\/\/poll-berlin.de\/galerie\/wp-content\/uploads\/6_DSC8000_web-200x300.jpg"},"large":{"file":"6_DSC8000_web-800x1200.jpg","width":800,"height":1200,"mime-type":"image\/jpeg","source_url":"https:\/\/poll-berlin.de\/galerie\/wp-content\/uploads\/6_DSC8000_web-800x1200.jpg"},"thumbnail":{"file":"6_DSC8000_web-150x150.jpg","width":150,"height":150,"mime-type":"image\/jpeg","source_url":"https:\/\/poll-berlin.de\/galerie\/wp-content\/uploads\/6_DSC8000_web-150x150.jpg"},"medium_large":{"file":"6_DSC8000_web-768x1152.jpg","width":768,"height":1152,"mime-type":"image\/jpeg","source_url":"https:\/\/poll-berlin.de\/galerie\/wp-content\/uploads\/6_DSC8000_web-768x1152.jpg"}}},"alt_text":"","url":"","target":""},{"id":25983,"title":"DSC7003","caption":"Daniel Poller, Birds of Tegel, 2022, Archival Pigment Print, verschiedene Formate","full_image_url":"https:\/\/poll-berlin.de\/galerie\/wp-content\/uploads\/7_DSC7003_web.jpg","thumbnail_image_url":"https:\/\/poll-berlin.de\/galerie\/wp-content\/uploads\/7_DSC7003_web-150x150.jpg","large_srcset":"https:\/\/poll-berlin.de\/galerie\/wp-content\/uploads\/7_DSC7003_web-800x1200.jpg 800w, https:\/\/poll-berlin.de\/galerie\/wp-content\/uploads\/7_DSC7003_web-200x300.jpg 200w, https:\/\/poll-berlin.de\/galerie\/wp-content\/uploads\/7_DSC7003_web-768x1152.jpg 768w, https:\/\/poll-berlin.de\/galerie\/wp-content\/uploads\/7_DSC7003_web.jpg 1000w","medium_srcset":"https:\/\/poll-berlin.de\/galerie\/wp-content\/uploads\/7_DSC7003_web-200x300.jpg 200w, https:\/\/poll-berlin.de\/galerie\/wp-content\/uploads\/7_DSC7003_web-800x1200.jpg 800w, https:\/\/poll-berlin.de\/galerie\/wp-content\/uploads\/7_DSC7003_web-768x1152.jpg 768w, https:\/\/poll-berlin.de\/galerie\/wp-content\/uploads\/7_DSC7003_web.jpg 1000w","media_details":{"width":1000,"height":1500,"sizes":{"medium":{"file":"7_DSC7003_web-200x300.jpg","width":200,"height":300,"mime-type":"image\/jpeg","source_url":"https:\/\/poll-berlin.de\/galerie\/wp-content\/uploads\/7_DSC7003_web-200x300.jpg"},"large":{"file":"7_DSC7003_web-800x1200.jpg","width":800,"height":1200,"mime-type":"image\/jpeg","source_url":"https:\/\/poll-berlin.de\/galerie\/wp-content\/uploads\/7_DSC7003_web-800x1200.jpg"},"thumbnail":{"file":"7_DSC7003_web-150x150.jpg","width":150,"height":150,"mime-type":"image\/jpeg","source_url":"https:\/\/poll-berlin.de\/galerie\/wp-content\/uploads\/7_DSC7003_web-150x150.jpg"},"medium_large":{"file":"7_DSC7003_web-768x1152.jpg","width":768,"height":1152,"mime-type":"image\/jpeg","source_url":"https:\/\/poll-berlin.de\/galerie\/wp-content\/uploads\/7_DSC7003_web-768x1152.jpg"}}},"alt_text":"","url":"","target":""},{"id":27275,"title":"DSC6993","caption":"Daniel Poller, Birds of Tegel, 2022, Archival Pigment Print, verschiedene Formate","full_image_url":"https:\/\/poll-berlin.de\/galerie\/wp-content\/uploads\/DSC6993_web.jpg","thumbnail_image_url":"https:\/\/poll-berlin.de\/galerie\/wp-content\/uploads\/DSC6993_web-150x150.jpg","large_srcset":"https:\/\/poll-berlin.de\/galerie\/wp-content\/uploads\/DSC6993_web-800x1145.jpg 800w, https:\/\/poll-berlin.de\/galerie\/wp-content\/uploads\/DSC6993_web-210x300.jpg 210w, https:\/\/poll-berlin.de\/galerie\/wp-content\/uploads\/DSC6993_web-768x1099.jpg 768w, https:\/\/poll-berlin.de\/galerie\/wp-content\/uploads\/DSC6993_web.jpg 1048w","medium_srcset":"https:\/\/poll-berlin.de\/galerie\/wp-content\/uploads\/DSC6993_web-210x300.jpg 210w, https:\/\/poll-berlin.de\/galerie\/wp-content\/uploads\/DSC6993_web-800x1145.jpg 800w, https:\/\/poll-berlin.de\/galerie\/wp-content\/uploads\/DSC6993_web-768x1099.jpg 768w, https:\/\/poll-berlin.de\/galerie\/wp-content\/uploads\/DSC6993_web.jpg 1048w","media_details":{"width":1048,"height":1500,"sizes":{"medium":{"file":"DSC6993_web-210x300.jpg","width":210,"height":300,"mime-type":"image\/jpeg","filesize":16057,"source_url":"https:\/\/poll-berlin.de\/galerie\/wp-content\/uploads\/DSC6993_web-210x300.jpg"},"large":{"file":"DSC6993_web-800x1145.jpg","width":800,"height":1145,"mime-type":"image\/jpeg","filesize":163739,"source_url":"https:\/\/poll-berlin.de\/galerie\/wp-content\/uploads\/DSC6993_web-800x1145.jpg"},"thumbnail":{"file":"DSC6993_web-150x150.jpg","width":150,"height":150,"mime-type":"image\/jpeg","filesize":6524,"source_url":"https:\/\/poll-berlin.de\/galerie\/wp-content\/uploads\/DSC6993_web-150x150.jpg"},"medium_large":{"file":"DSC6993_web-768x1099.jpg","width":768,"height":1099,"mime-type":"image\/jpeg","filesize":153292,"source_url":"https:\/\/poll-berlin.de\/galerie\/wp-content\/uploads\/DSC6993_web-768x1099.jpg"}}},"alt_text":"","url":"","target":""},{"id":25984,"title":"DSC7380","caption":"Daniel Poller, Birds of Tegel, 2022, Archival Pigment Print, verschiedene Formate","full_image_url":"https:\/\/poll-berlin.de\/galerie\/wp-content\/uploads\/8_DSC7380_web.jpg","thumbnail_image_url":"https:\/\/poll-berlin.de\/galerie\/wp-content\/uploads\/8_DSC7380_web-150x150.jpg","large_srcset":"https:\/\/poll-berlin.de\/galerie\/wp-content\/uploads\/8_DSC7380_web-800x1200.jpg 800w, https:\/\/poll-berlin.de\/galerie\/wp-content\/uploads\/8_DSC7380_web-200x300.jpg 200w, https:\/\/poll-berlin.de\/galerie\/wp-content\/uploads\/8_DSC7380_web-768x1152.jpg 768w, https:\/\/poll-berlin.de\/galerie\/wp-content\/uploads\/8_DSC7380_web.jpg 1000w","medium_srcset":"https:\/\/poll-berlin.de\/galerie\/wp-content\/uploads\/8_DSC7380_web-200x300.jpg 200w, https:\/\/poll-berlin.de\/galerie\/wp-content\/uploads\/8_DSC7380_web-800x1200.jpg 800w, https:\/\/poll-berlin.de\/galerie\/wp-content\/uploads\/8_DSC7380_web-768x1152.jpg 768w, https:\/\/poll-berlin.de\/galerie\/wp-content\/uploads\/8_DSC7380_web.jpg 1000w","media_details":{"width":1000,"height":1500,"sizes":{"medium":{"file":"8_DSC7380_web-200x300.jpg","width":200,"height":300,"mime-type":"image\/jpeg","source_url":"https:\/\/poll-berlin.de\/galerie\/wp-content\/uploads\/8_DSC7380_web-200x300.jpg"},"large":{"file":"8_DSC7380_web-800x1200.jpg","width":800,"height":1200,"mime-type":"image\/jpeg","source_url":"https:\/\/poll-berlin.de\/galerie\/wp-content\/uploads\/8_DSC7380_web-800x1200.jpg"},"thumbnail":{"file":"8_DSC7380_web-150x150.jpg","width":150,"height":150,"mime-type":"image\/jpeg","source_url":"https:\/\/poll-berlin.de\/galerie\/wp-content\/uploads\/8_DSC7380_web-150x150.jpg"},"medium_large":{"file":"8_DSC7380_web-768x1152.jpg","width":768,"height":1152,"mime-type":"image\/jpeg","source_url":"https:\/\/poll-berlin.de\/galerie\/wp-content\/uploads\/8_DSC7380_web-768x1152.jpg"}}},"alt_text":"","url":"","target":""},{"id":25986,"title":"DSC8169","caption":"Daniel Poller, Birds of Tegel, 2022, Archival Pigment Print, verschiedene Formate","full_image_url":"https:\/\/poll-berlin.de\/galerie\/wp-content\/uploads\/10_DSC8169_web.jpg","thumbnail_image_url":"https:\/\/poll-berlin.de\/galerie\/wp-content\/uploads\/10_DSC8169_web-150x150.jpg","large_srcset":"https:\/\/poll-berlin.de\/galerie\/wp-content\/uploads\/10_DSC8169_web-800x1200.jpg 800w, https:\/\/poll-berlin.de\/galerie\/wp-content\/uploads\/10_DSC8169_web-200x300.jpg 200w, https:\/\/poll-berlin.de\/galerie\/wp-content\/uploads\/10_DSC8169_web-768x1152.jpg 768w, https:\/\/poll-berlin.de\/galerie\/wp-content\/uploads\/10_DSC8169_web.jpg 1000w","medium_srcset":"https:\/\/poll-berlin.de\/galerie\/wp-content\/uploads\/10_DSC8169_web-200x300.jpg 200w, https:\/\/poll-berlin.de\/galerie\/wp-content\/uploads\/10_DSC8169_web-800x1200.jpg 800w, https:\/\/poll-berlin.de\/galerie\/wp-content\/uploads\/10_DSC8169_web-768x1152.jpg 768w, https:\/\/poll-berlin.de\/galerie\/wp-content\/uploads\/10_DSC8169_web.jpg 1000w","media_details":{"width":1000,"height":1500,"sizes":{"medium":{"file":"10_DSC8169_web-200x300.jpg","width":200,"height":300,"mime-type":"image\/jpeg","source_url":"https:\/\/poll-berlin.de\/galerie\/wp-content\/uploads\/10_DSC8169_web-200x300.jpg"},"large":{"file":"10_DSC8169_web-800x1200.jpg","width":800,"height":1200,"mime-type":"image\/jpeg","source_url":"https:\/\/poll-berlin.de\/galerie\/wp-content\/uploads\/10_DSC8169_web-800x1200.jpg"},"thumbnail":{"file":"10_DSC8169_web-150x150.jpg","width":150,"height":150,"mime-type":"image\/jpeg","source_url":"https:\/\/poll-berlin.de\/galerie\/wp-content\/uploads\/10_DSC8169_web-150x150.jpg"},"medium_large":{"file":"10_DSC8169_web-768x1152.jpg","width":768,"height":1152,"mime-type":"image\/jpeg","source_url":"https:\/\/poll-berlin.de\/galerie\/wp-content\/uploads\/10_DSC8169_web-768x1152.jpg"}}},"alt_text":"","url":"","target":""},{"id":408,"title":"DSC7037","caption":"Daniel Poller, o. T. (aus: Endg\u00fcltige Fassung der Beschlussvorlage), 2020, Archival Pigment Print, 60 x 40 cm","full_image_url":"https:\/\/poll-berlin.de\/galerie\/wp-content\/uploads\/DP_ohne-Titel_2020_DSC7037.jpg","thumbnail_image_url":"https:\/\/poll-berlin.de\/galerie\/wp-content\/uploads\/DP_ohne-Titel_2020_DSC7037-150x150.jpg","large_srcset":"https:\/\/poll-berlin.de\/galerie\/wp-content\/uploads\/DP_ohne-Titel_2020_DSC7037-800x1200.jpg 800w, https:\/\/poll-berlin.de\/galerie\/wp-content\/uploads\/DP_ohne-Titel_2020_DSC7037-200x300.jpg 200w, https:\/\/poll-berlin.de\/galerie\/wp-content\/uploads\/DP_ohne-Titel_2020_DSC7037-768x1152.jpg 768w, https:\/\/poll-berlin.de\/galerie\/wp-content\/uploads\/DP_ohne-Titel_2020_DSC7037.jpg 1000w","medium_srcset":"https:\/\/poll-berlin.de\/galerie\/wp-content\/uploads\/DP_ohne-Titel_2020_DSC7037-200x300.jpg 200w, https:\/\/poll-berlin.de\/galerie\/wp-content\/uploads\/DP_ohne-Titel_2020_DSC7037-800x1200.jpg 800w, https:\/\/poll-berlin.de\/galerie\/wp-content\/uploads\/DP_ohne-Titel_2020_DSC7037-768x1152.jpg 768w, https:\/\/poll-berlin.de\/galerie\/wp-content\/uploads\/DP_ohne-Titel_2020_DSC7037.jpg 1000w","media_details":{"width":1000,"height":1500,"sizes":{"medium":{"file":"DP_ohne-Titel_2020_DSC7037-200x300.jpg","width":200,"height":300,"mime-type":"image\/jpeg","source_url":"https:\/\/poll-berlin.de\/galerie\/wp-content\/uploads\/DP_ohne-Titel_2020_DSC7037-200x300.jpg"},"large":{"file":"DP_ohne-Titel_2020_DSC7037-800x1200.jpg","width":800,"height":1200,"mime-type":"image\/jpeg","source_url":"https:\/\/poll-berlin.de\/galerie\/wp-content\/uploads\/DP_ohne-Titel_2020_DSC7037-800x1200.jpg"},"thumbnail":{"file":"DP_ohne-Titel_2020_DSC7037-150x150.jpg","width":150,"height":150,"mime-type":"image\/jpeg","source_url":"https:\/\/poll-berlin.de\/galerie\/wp-content\/uploads\/DP_ohne-Titel_2020_DSC7037-150x150.jpg"},"medium_large":{"file":"DP_ohne-Titel_2020_DSC7037-768x1152.jpg","width":768,"height":1152,"mime-type":"image\/jpeg","source_url":"https:\/\/poll-berlin.de\/galerie\/wp-content\/uploads\/DP_ohne-Titel_2020_DSC7037-768x1152.jpg"}}},"alt_text":"","url":"","target":""},{"id":404,"title":"DSC4976","caption":"Daniel Poller, o. T. (aus: Endg\u00fcltige Fassung der Beschlussvorlage), 2020, Archival Pigment Print, 60 x 40 cm","full_image_url":"https:\/\/poll-berlin.de\/galerie\/wp-content\/uploads\/DP_ohne-Titel_2020_DSC4976.jpg","thumbnail_image_url":"https:\/\/poll-berlin.de\/galerie\/wp-content\/uploads\/DP_ohne-Titel_2020_DSC4976-150x150.jpg","large_srcset":"https:\/\/poll-berlin.de\/galerie\/wp-content\/uploads\/DP_ohne-Titel_2020_DSC4976-800x1200.jpg 800w, https:\/\/poll-berlin.de\/galerie\/wp-content\/uploads\/DP_ohne-Titel_2020_DSC4976-200x300.jpg 200w, https:\/\/poll-berlin.de\/galerie\/wp-content\/uploads\/DP_ohne-Titel_2020_DSC4976-768x1152.jpg 768w, https:\/\/poll-berlin.de\/galerie\/wp-content\/uploads\/DP_ohne-Titel_2020_DSC4976.jpg 1000w","medium_srcset":"https:\/\/poll-berlin.de\/galerie\/wp-content\/uploads\/DP_ohne-Titel_2020_DSC4976-200x300.jpg 200w, https:\/\/poll-berlin.de\/galerie\/wp-content\/uploads\/DP_ohne-Titel_2020_DSC4976-800x1200.jpg 800w, https:\/\/poll-berlin.de\/galerie\/wp-content\/uploads\/DP_ohne-Titel_2020_DSC4976-768x1152.jpg 768w, https:\/\/poll-berlin.de\/galerie\/wp-content\/uploads\/DP_ohne-Titel_2020_DSC4976.jpg 1000w","media_details":{"width":1000,"height":1500,"sizes":{"medium":{"file":"DP_ohne-Titel_2020_DSC4976-200x300.jpg","width":200,"height":300,"mime-type":"image\/jpeg","source_url":"https:\/\/poll-berlin.de\/galerie\/wp-content\/uploads\/DP_ohne-Titel_2020_DSC4976-200x300.jpg"},"large":{"file":"DP_ohne-Titel_2020_DSC4976-800x1200.jpg","width":800,"height":1200,"mime-type":"image\/jpeg","source_url":"https:\/\/poll-berlin.de\/galerie\/wp-content\/uploads\/DP_ohne-Titel_2020_DSC4976-800x1200.jpg"},"thumbnail":{"file":"DP_ohne-Titel_2020_DSC4976-150x150.jpg","width":150,"height":150,"mime-type":"image\/jpeg","source_url":"https:\/\/poll-berlin.de\/galerie\/wp-content\/uploads\/DP_ohne-Titel_2020_DSC4976-150x150.jpg"},"medium_large":{"file":"DP_ohne-Titel_2020_DSC4976-768x1152.jpg","width":768,"height":1152,"mime-type":"image\/jpeg","source_url":"https:\/\/poll-berlin.de\/galerie\/wp-content\/uploads\/DP_ohne-Titel_2020_DSC4976-768x1152.jpg"}}},"alt_text":"","url":"","target":""},{"id":405,"title":"DSC5070","caption":"Daniel Poller, o. T. (aus: Endg\u00fcltige Fassung der Beschlussvorlage), 2020, Archival Pigment Print, 60 x 40 cm","full_image_url":"https:\/\/poll-berlin.de\/galerie\/wp-content\/uploads\/DP_ohne-Titel_2020_DSC5070.jpg","thumbnail_image_url":"https:\/\/poll-berlin.de\/galerie\/wp-content\/uploads\/DP_ohne-Titel_2020_DSC5070-150x150.jpg","large_srcset":"https:\/\/poll-berlin.de\/galerie\/wp-content\/uploads\/DP_ohne-Titel_2020_DSC5070-800x1200.jpg 800w, https:\/\/poll-berlin.de\/galerie\/wp-content\/uploads\/DP_ohne-Titel_2020_DSC5070-200x300.jpg 200w, https:\/\/poll-berlin.de\/galerie\/wp-content\/uploads\/DP_ohne-Titel_2020_DSC5070-768x1152.jpg 768w, https:\/\/poll-berlin.de\/galerie\/wp-content\/uploads\/DP_ohne-Titel_2020_DSC5070.jpg 1000w","medium_srcset":"https:\/\/poll-berlin.de\/galerie\/wp-content\/uploads\/DP_ohne-Titel_2020_DSC5070-200x300.jpg 200w, https:\/\/poll-berlin.de\/galerie\/wp-content\/uploads\/DP_ohne-Titel_2020_DSC5070-800x1200.jpg 800w, https:\/\/poll-berlin.de\/galerie\/wp-content\/uploads\/DP_ohne-Titel_2020_DSC5070-768x1152.jpg 768w, https:\/\/poll-berlin.de\/galerie\/wp-content\/uploads\/DP_ohne-Titel_2020_DSC5070.jpg 1000w","media_details":{"width":1000,"height":1500,"sizes":{"medium":{"file":"DP_ohne-Titel_2020_DSC5070-200x300.jpg","width":200,"height":300,"mime-type":"image\/jpeg","source_url":"https:\/\/poll-berlin.de\/galerie\/wp-content\/uploads\/DP_ohne-Titel_2020_DSC5070-200x300.jpg"},"large":{"file":"DP_ohne-Titel_2020_DSC5070-800x1200.jpg","width":800,"height":1200,"mime-type":"image\/jpeg","source_url":"https:\/\/poll-berlin.de\/galerie\/wp-content\/uploads\/DP_ohne-Titel_2020_DSC5070-800x1200.jpg"},"thumbnail":{"file":"DP_ohne-Titel_2020_DSC5070-150x150.jpg","width":150,"height":150,"mime-type":"image\/jpeg","source_url":"https:\/\/poll-berlin.de\/galerie\/wp-content\/uploads\/DP_ohne-Titel_2020_DSC5070-150x150.jpg"},"medium_large":{"file":"DP_ohne-Titel_2020_DSC5070-768x1152.jpg","width":768,"height":1152,"mime-type":"image\/jpeg","source_url":"https:\/\/poll-berlin.de\/galerie\/wp-content\/uploads\/DP_ohne-Titel_2020_DSC5070-768x1152.jpg"}}},"alt_text":"","url":"","target":""},{"id":409,"title":"DSC7595","caption":"Daniel Poller, o. T. (aus: Endg\u00fcltige Fassung der Beschlussvorlage), 2020, Archival Pigment Print, 60 x 40 cm","full_image_url":"https:\/\/poll-berlin.de\/galerie\/wp-content\/uploads\/DP_ohne-Titel_2020_DSC7595.jpg","thumbnail_image_url":"https:\/\/poll-berlin.de\/galerie\/wp-content\/uploads\/DP_ohne-Titel_2020_DSC7595-150x150.jpg","large_srcset":"https:\/\/poll-berlin.de\/galerie\/wp-content\/uploads\/DP_ohne-Titel_2020_DSC7595-800x1200.jpg 800w, https:\/\/poll-berlin.de\/galerie\/wp-content\/uploads\/DP_ohne-Titel_2020_DSC7595-200x300.jpg 200w, https:\/\/poll-berlin.de\/galerie\/wp-content\/uploads\/DP_ohne-Titel_2020_DSC7595-768x1152.jpg 768w, https:\/\/poll-berlin.de\/galerie\/wp-content\/uploads\/DP_ohne-Titel_2020_DSC7595.jpg 1000w","medium_srcset":"https:\/\/poll-berlin.de\/galerie\/wp-content\/uploads\/DP_ohne-Titel_2020_DSC7595-200x300.jpg 200w, https:\/\/poll-berlin.de\/galerie\/wp-content\/uploads\/DP_ohne-Titel_2020_DSC7595-800x1200.jpg 800w, https:\/\/poll-berlin.de\/galerie\/wp-content\/uploads\/DP_ohne-Titel_2020_DSC7595-768x1152.jpg 768w, https:\/\/poll-berlin.de\/galerie\/wp-content\/uploads\/DP_ohne-Titel_2020_DSC7595.jpg 1000w","media_details":{"width":1000,"height":1500,"sizes":{"medium":{"file":"DP_ohne-Titel_2020_DSC7595-200x300.jpg","width":200,"height":300,"mime-type":"image\/jpeg","source_url":"https:\/\/poll-berlin.de\/galerie\/wp-content\/uploads\/DP_ohne-Titel_2020_DSC7595-200x300.jpg"},"large":{"file":"DP_ohne-Titel_2020_DSC7595-800x1200.jpg","width":800,"height":1200,"mime-type":"image\/jpeg","source_url":"https:\/\/poll-berlin.de\/galerie\/wp-content\/uploads\/DP_ohne-Titel_2020_DSC7595-800x1200.jpg"},"thumbnail":{"file":"DP_ohne-Titel_2020_DSC7595-150x150.jpg","width":150,"height":150,"mime-type":"image\/jpeg","source_url":"https:\/\/poll-berlin.de\/galerie\/wp-content\/uploads\/DP_ohne-Titel_2020_DSC7595-150x150.jpg"},"medium_large":{"file":"DP_ohne-Titel_2020_DSC7595-768x1152.jpg","width":768,"height":1152,"mime-type":"image\/jpeg","source_url":"https:\/\/poll-berlin.de\/galerie\/wp-content\/uploads\/DP_ohne-Titel_2020_DSC7595-768x1152.jpg"}}},"alt_text":"","url":"","target":""},{"id":407,"title":"DSC5229","caption":"Daniel Poller, o. T. (aus: Endg\u00fcltige Fassung der Beschlussvorlage), 2020, Archival Pigment Print, 58 x 83 cm","full_image_url":"https:\/\/poll-berlin.de\/galerie\/wp-content\/uploads\/DP_ohne-Titel_2020_DSC5229.jpg","thumbnail_image_url":"https:\/\/poll-berlin.de\/galerie\/wp-content\/uploads\/DP_ohne-Titel_2020_DSC5229-150x150.jpg","large_srcset":"https:\/\/poll-berlin.de\/galerie\/wp-content\/uploads\/DP_ohne-Titel_2020_DSC5229-800x557.jpg 800w, https:\/\/poll-berlin.de\/galerie\/wp-content\/uploads\/DP_ohne-Titel_2020_DSC5229-300x209.jpg 300w, https:\/\/poll-berlin.de\/galerie\/wp-content\/uploads\/DP_ohne-Titel_2020_DSC5229-768x535.jpg 768w, https:\/\/poll-berlin.de\/galerie\/wp-content\/uploads\/DP_ohne-Titel_2020_DSC5229.jpg 1500w","medium_srcset":"https:\/\/poll-berlin.de\/galerie\/wp-content\/uploads\/DP_ohne-Titel_2020_DSC5229-300x209.jpg 300w, https:\/\/poll-berlin.de\/galerie\/wp-content\/uploads\/DP_ohne-Titel_2020_DSC5229-800x557.jpg 800w, https:\/\/poll-berlin.de\/galerie\/wp-content\/uploads\/DP_ohne-Titel_2020_DSC5229-768x535.jpg 768w, https:\/\/poll-berlin.de\/galerie\/wp-content\/uploads\/DP_ohne-Titel_2020_DSC5229.jpg 1500w","media_details":{"width":1500,"height":1045,"sizes":{"medium":{"file":"DP_ohne-Titel_2020_DSC5229-300x209.jpg","width":300,"height":209,"mime-type":"image\/jpeg","source_url":"https:\/\/poll-berlin.de\/galerie\/wp-content\/uploads\/DP_ohne-Titel_2020_DSC5229-300x209.jpg"},"large":{"file":"DP_ohne-Titel_2020_DSC5229-800x557.jpg","width":800,"height":557,"mime-type":"image\/jpeg","source_url":"https:\/\/poll-berlin.de\/galerie\/wp-content\/uploads\/DP_ohne-Titel_2020_DSC5229-800x557.jpg"},"thumbnail":{"file":"DP_ohne-Titel_2020_DSC5229-150x150.jpg","width":150,"height":150,"mime-type":"image\/jpeg","source_url":"https:\/\/poll-berlin.de\/galerie\/wp-content\/uploads\/DP_ohne-Titel_2020_DSC5229-150x150.jpg"},"medium_large":{"file":"DP_ohne-Titel_2020_DSC5229-768x535.jpg","width":768,"height":535,"mime-type":"image\/jpeg","source_url":"https:\/\/poll-berlin.de\/galerie\/wp-content\/uploads\/DP_ohne-Titel_2020_DSC5229-768x535.jpg"}}},"alt_text":"","url":"","target":""},{"id":406,"title":"DSC5072","caption":"Daniel Poller, o. T. (aus: Endg\u00fcltige Fassung der Beschlussvorlage), 2020, Archival Pigment Print, 60 x 40 cm","full_image_url":"https:\/\/poll-berlin.de\/galerie\/wp-content\/uploads\/DP_ohne-Titel_2020_DSC5072.jpg","thumbnail_image_url":"https:\/\/poll-berlin.de\/galerie\/wp-content\/uploads\/DP_ohne-Titel_2020_DSC5072-150x150.jpg","large_srcset":"https:\/\/poll-berlin.de\/galerie\/wp-content\/uploads\/DP_ohne-Titel_2020_DSC5072-800x1200.jpg 800w, https:\/\/poll-berlin.de\/galerie\/wp-content\/uploads\/DP_ohne-Titel_2020_DSC5072-200x300.jpg 200w, https:\/\/poll-berlin.de\/galerie\/wp-content\/uploads\/DP_ohne-Titel_2020_DSC5072-768x1152.jpg 768w, https:\/\/poll-berlin.de\/galerie\/wp-content\/uploads\/DP_ohne-Titel_2020_DSC5072.jpg 1000w","medium_srcset":"https:\/\/poll-berlin.de\/galerie\/wp-content\/uploads\/DP_ohne-Titel_2020_DSC5072-200x300.jpg 200w, https:\/\/poll-berlin.de\/galerie\/wp-content\/uploads\/DP_ohne-Titel_2020_DSC5072-800x1200.jpg 800w, https:\/\/poll-berlin.de\/galerie\/wp-content\/uploads\/DP_ohne-Titel_2020_DSC5072-768x1152.jpg 768w, https:\/\/poll-berlin.de\/galerie\/wp-content\/uploads\/DP_ohne-Titel_2020_DSC5072.jpg 1000w","media_details":{"width":1000,"height":1500,"sizes":{"medium":{"file":"DP_ohne-Titel_2020_DSC5072-200x300.jpg","width":200,"height":300,"mime-type":"image\/jpeg","source_url":"https:\/\/poll-berlin.de\/galerie\/wp-content\/uploads\/DP_ohne-Titel_2020_DSC5072-200x300.jpg"},"large":{"file":"DP_ohne-Titel_2020_DSC5072-800x1200.jpg","width":800,"height":1200,"mime-type":"image\/jpeg","source_url":"https:\/\/poll-berlin.de\/galerie\/wp-content\/uploads\/DP_ohne-Titel_2020_DSC5072-800x1200.jpg"},"thumbnail":{"file":"DP_ohne-Titel_2020_DSC5072-150x150.jpg","width":150,"height":150,"mime-type":"image\/jpeg","source_url":"https:\/\/poll-berlin.de\/galerie\/wp-content\/uploads\/DP_ohne-Titel_2020_DSC5072-150x150.jpg"},"medium_large":{"file":"DP_ohne-Titel_2020_DSC5072-768x1152.jpg","width":768,"height":1152,"mime-type":"image\/jpeg","source_url":"https:\/\/poll-berlin.de\/galerie\/wp-content\/uploads\/DP_ohne-Titel_2020_DSC5072-768x1152.jpg"}}},"alt_text":"","url":"","target":""},{"id":402,"title":"DSC2617","caption":"Daniel Poller, o. T. (aus: Endg\u00fcltige Fassung der Beschlussvorlage), 2020, Archival Pigment Print, 58 x 83 cm","full_image_url":"https:\/\/poll-berlin.de\/galerie\/wp-content\/uploads\/DP_ohne-Titel_2020_DSC2617.jpg","thumbnail_image_url":"https:\/\/poll-berlin.de\/galerie\/wp-content\/uploads\/DP_ohne-Titel_2020_DSC2617-150x150.jpg","large_srcset":"https:\/\/poll-berlin.de\/galerie\/wp-content\/uploads\/DP_ohne-Titel_2020_DSC2617-800x557.jpg 800w, https:\/\/poll-berlin.de\/galerie\/wp-content\/uploads\/DP_ohne-Titel_2020_DSC2617-300x209.jpg 300w, https:\/\/poll-berlin.de\/galerie\/wp-content\/uploads\/DP_ohne-Titel_2020_DSC2617-768x535.jpg 768w, https:\/\/poll-berlin.de\/galerie\/wp-content\/uploads\/DP_ohne-Titel_2020_DSC2617.jpg 1500w","medium_srcset":"https:\/\/poll-berlin.de\/galerie\/wp-content\/uploads\/DP_ohne-Titel_2020_DSC2617-300x209.jpg 300w, https:\/\/poll-berlin.de\/galerie\/wp-content\/uploads\/DP_ohne-Titel_2020_DSC2617-800x557.jpg 800w, https:\/\/poll-berlin.de\/galerie\/wp-content\/uploads\/DP_ohne-Titel_2020_DSC2617-768x535.jpg 768w, https:\/\/poll-berlin.de\/galerie\/wp-content\/uploads\/DP_ohne-Titel_2020_DSC2617.jpg 1500w","media_details":{"width":1500,"height":1045,"sizes":{"medium":{"file":"DP_ohne-Titel_2020_DSC2617-300x209.jpg","width":300,"height":209,"mime-type":"image\/jpeg","source_url":"https:\/\/poll-berlin.de\/galerie\/wp-content\/uploads\/DP_ohne-Titel_2020_DSC2617-300x209.jpg"},"large":{"file":"DP_ohne-Titel_2020_DSC2617-800x557.jpg","width":800,"height":557,"mime-type":"image\/jpeg","source_url":"https:\/\/poll-berlin.de\/galerie\/wp-content\/uploads\/DP_ohne-Titel_2020_DSC2617-800x557.jpg"},"thumbnail":{"file":"DP_ohne-Titel_2020_DSC2617-150x150.jpg","width":150,"height":150,"mime-type":"image\/jpeg","source_url":"https:\/\/poll-berlin.de\/galerie\/wp-content\/uploads\/DP_ohne-Titel_2020_DSC2617-150x150.jpg"},"medium_large":{"file":"DP_ohne-Titel_2020_DSC2617-768x535.jpg","width":768,"height":535,"mime-type":"image\/jpeg","source_url":"https:\/\/poll-berlin.de\/galerie\/wp-content\/uploads\/DP_ohne-Titel_2020_DSC2617-768x535.jpg"}}},"alt_text":"","url":"","target":""},{"id":3140,"title":"","caption":"Daniel Poller, Sturz und Wiederaufstieg, Studienblatt 1, 2017, ausgel\u00f6schter Offsetdruck, 47 x 32.50 cm, gerahmt","full_image_url":"https:\/\/poll-berlin.de\/galerie\/wp-content\/uploads\/DP_Sturz-und-Wiederaufstieg_1_1500Px.jpg","thumbnail_image_url":"https:\/\/poll-berlin.de\/galerie\/wp-content\/uploads\/DP_Sturz-und-Wiederaufstieg_1_1500Px-150x150.jpg","large_srcset":"https:\/\/poll-berlin.de\/galerie\/wp-content\/uploads\/DP_Sturz-und-Wiederaufstieg_1_1500Px-800x1119.jpg 800w, https:\/\/poll-berlin.de\/galerie\/wp-content\/uploads\/DP_Sturz-und-Wiederaufstieg_1_1500Px-214x300.jpg 214w, https:\/\/poll-berlin.de\/galerie\/wp-content\/uploads\/DP_Sturz-und-Wiederaufstieg_1_1500Px-768x1075.jpg 768w, https:\/\/poll-berlin.de\/galerie\/wp-content\/uploads\/DP_Sturz-und-Wiederaufstieg_1_1500Px.jpg 1072w","medium_srcset":"https:\/\/poll-berlin.de\/galerie\/wp-content\/uploads\/DP_Sturz-und-Wiederaufstieg_1_1500Px-214x300.jpg 214w, https:\/\/poll-berlin.de\/galerie\/wp-content\/uploads\/DP_Sturz-und-Wiederaufstieg_1_1500Px-800x1119.jpg 800w, https:\/\/poll-berlin.de\/galerie\/wp-content\/uploads\/DP_Sturz-und-Wiederaufstieg_1_1500Px-768x1075.jpg 768w, https:\/\/poll-berlin.de\/galerie\/wp-content\/uploads\/DP_Sturz-und-Wiederaufstieg_1_1500Px.jpg 1072w","media_details":{"width":1072,"height":1500,"sizes":{"medium":{"file":"DP_Sturz-und-Wiederaufstieg_1_1500Px-214x300.jpg","width":214,"height":300,"mime-type":"image\/jpeg","source_url":"https:\/\/poll-berlin.de\/galerie\/wp-content\/uploads\/DP_Sturz-und-Wiederaufstieg_1_1500Px-214x300.jpg"},"large":{"file":"DP_Sturz-und-Wiederaufstieg_1_1500Px-800x1119.jpg","width":800,"height":1119,"mime-type":"image\/jpeg","source_url":"https:\/\/poll-berlin.de\/galerie\/wp-content\/uploads\/DP_Sturz-und-Wiederaufstieg_1_1500Px-800x1119.jpg"},"thumbnail":{"file":"DP_Sturz-und-Wiederaufstieg_1_1500Px-150x150.jpg","width":150,"height":150,"mime-type":"image\/jpeg","source_url":"https:\/\/poll-berlin.de\/galerie\/wp-content\/uploads\/DP_Sturz-und-Wiederaufstieg_1_1500Px-150x150.jpg"},"medium_large":{"file":"DP_Sturz-und-Wiederaufstieg_1_1500Px-768x1075.jpg","width":768,"height":1075,"mime-type":"image\/jpeg","source_url":"https:\/\/poll-berlin.de\/galerie\/wp-content\/uploads\/DP_Sturz-und-Wiederaufstieg_1_1500Px-768x1075.jpg"}}},"alt_text":"","url":"","target":""},{"id":3133,"title":"","caption":"Daniel Poller, H\u00f6rs\u00e4le, Philosophie, Geschichte, Studienblatt 2, 2017, ausgel\u00f6schter Offsetdruck, 47 x 32.50 cm, gerahmt","full_image_url":"https:\/\/poll-berlin.de\/galerie\/wp-content\/uploads\/DP_Hoersaele-Philosophie-Geschichte_2_1500Px.jpg","thumbnail_image_url":"https:\/\/poll-berlin.de\/galerie\/wp-content\/uploads\/DP_Hoersaele-Philosophie-Geschichte_2_1500Px-150x150.jpg","large_srcset":"https:\/\/poll-berlin.de\/galerie\/wp-content\/uploads\/DP_Hoersaele-Philosophie-Geschichte_2_1500Px-800x1130.jpg 800w, https:\/\/poll-berlin.de\/galerie\/wp-content\/uploads\/DP_Hoersaele-Philosophie-Geschichte_2_1500Px-212x300.jpg 212w, https:\/\/poll-berlin.de\/galerie\/wp-content\/uploads\/DP_Hoersaele-Philosophie-Geschichte_2_1500Px-768x1085.jpg 768w, https:\/\/poll-berlin.de\/galerie\/wp-content\/uploads\/DP_Hoersaele-Philosophie-Geschichte_2_1500Px.jpg 1062w","medium_srcset":"https:\/\/poll-berlin.de\/galerie\/wp-content\/uploads\/DP_Hoersaele-Philosophie-Geschichte_2_1500Px-212x300.jpg 212w, https:\/\/poll-berlin.de\/galerie\/wp-content\/uploads\/DP_Hoersaele-Philosophie-Geschichte_2_1500Px-800x1130.jpg 800w, https:\/\/poll-berlin.de\/galerie\/wp-content\/uploads\/DP_Hoersaele-Philosophie-Geschichte_2_1500Px-768x1085.jpg 768w, https:\/\/poll-berlin.de\/galerie\/wp-content\/uploads\/DP_Hoersaele-Philosophie-Geschichte_2_1500Px.jpg 1062w","media_details":{"width":1062,"height":1500,"sizes":{"medium":{"file":"DP_Hoersaele-Philosophie-Geschichte_2_1500Px-212x300.jpg","width":212,"height":300,"mime-type":"image\/jpeg","source_url":"https:\/\/poll-berlin.de\/galerie\/wp-content\/uploads\/DP_Hoersaele-Philosophie-Geschichte_2_1500Px-212x300.jpg"},"large":{"file":"DP_Hoersaele-Philosophie-Geschichte_2_1500Px-800x1130.jpg","width":800,"height":1130,"mime-type":"image\/jpeg","source_url":"https:\/\/poll-berlin.de\/galerie\/wp-content\/uploads\/DP_Hoersaele-Philosophie-Geschichte_2_1500Px-800x1130.jpg"},"thumbnail":{"file":"DP_Hoersaele-Philosophie-Geschichte_2_1500Px-150x150.jpg","width":150,"height":150,"mime-type":"image\/jpeg","source_url":"https:\/\/poll-berlin.de\/galerie\/wp-content\/uploads\/DP_Hoersaele-Philosophie-Geschichte_2_1500Px-150x150.jpg"},"medium_large":{"file":"DP_Hoersaele-Philosophie-Geschichte_2_1500Px-768x1085.jpg","width":768,"height":1085,"mime-type":"image\/jpeg","source_url":"https:\/\/poll-berlin.de\/galerie\/wp-content\/uploads\/DP_Hoersaele-Philosophie-Geschichte_2_1500Px-768x1085.jpg"}}},"alt_text":"","url":"","target":""},{"id":3141,"title":"","caption":"Daniel Poller, Unsigniert, undatiert, Studienblatt 3, 2017, ausgel\u00f6schter Offsetdruck, 47 x 32.50 cm, gerahmt","full_image_url":"https:\/\/poll-berlin.de\/galerie\/wp-content\/uploads\/DP_Unsigniert-undatiert_3_1500Px.jpg","thumbnail_image_url":"https:\/\/poll-berlin.de\/galerie\/wp-content\/uploads\/DP_Unsigniert-undatiert_3_1500Px-150x150.jpg","large_srcset":"https:\/\/poll-berlin.de\/galerie\/wp-content\/uploads\/DP_Unsigniert-undatiert_3_1500Px-800x1131.jpg 800w, https:\/\/poll-berlin.de\/galerie\/wp-content\/uploads\/DP_Unsigniert-undatiert_3_1500Px-212x300.jpg 212w, https:\/\/poll-berlin.de\/galerie\/wp-content\/uploads\/DP_Unsigniert-undatiert_3_1500Px-768x1086.jpg 768w, https:\/\/poll-berlin.de\/galerie\/wp-content\/uploads\/DP_Unsigniert-undatiert_3_1500Px.jpg 1061w","medium_srcset":"https:\/\/poll-berlin.de\/galerie\/wp-content\/uploads\/DP_Unsigniert-undatiert_3_1500Px-212x300.jpg 212w, https:\/\/poll-berlin.de\/galerie\/wp-content\/uploads\/DP_Unsigniert-undatiert_3_1500Px-800x1131.jpg 800w, https:\/\/poll-berlin.de\/galerie\/wp-content\/uploads\/DP_Unsigniert-undatiert_3_1500Px-768x1086.jpg 768w, https:\/\/poll-berlin.de\/galerie\/wp-content\/uploads\/DP_Unsigniert-undatiert_3_1500Px.jpg 1061w","media_details":{"width":1061,"height":1500,"sizes":{"medium":{"file":"DP_Unsigniert-undatiert_3_1500Px-212x300.jpg","width":212,"height":300,"mime-type":"image\/jpeg","source_url":"https:\/\/poll-berlin.de\/galerie\/wp-content\/uploads\/DP_Unsigniert-undatiert_3_1500Px-212x300.jpg"},"large":{"file":"DP_Unsigniert-undatiert_3_1500Px-800x1131.jpg","width":800,"height":1131,"mime-type":"image\/jpeg","source_url":"https:\/\/poll-berlin.de\/galerie\/wp-content\/uploads\/DP_Unsigniert-undatiert_3_1500Px-800x1131.jpg"},"thumbnail":{"file":"DP_Unsigniert-undatiert_3_1500Px-150x150.jpg","width":150,"height":150,"mime-type":"image\/jpeg","source_url":"https:\/\/poll-berlin.de\/galerie\/wp-content\/uploads\/DP_Unsigniert-undatiert_3_1500Px-150x150.jpg"},"medium_large":{"file":"DP_Unsigniert-undatiert_3_1500Px-768x1086.jpg","width":768,"height":1086,"mime-type":"image\/jpeg","source_url":"https:\/\/poll-berlin.de\/galerie\/wp-content\/uploads\/DP_Unsigniert-undatiert_3_1500Px-768x1086.jpg"}}},"alt_text":"","url":"","target":""},{"id":3137,"title":"","caption":"Daniel Poller, Quadrigadurchbruch, Studienblatt 4, 2017, ausgel\u00f6schter Offsetdruck, 47 x 32.50 cm, gerahmt","full_image_url":"https:\/\/poll-berlin.de\/galerie\/wp-content\/uploads\/DP_Quadrigadurchbruch_4_1500Px.jpg","thumbnail_image_url":"https:\/\/poll-berlin.de\/galerie\/wp-content\/uploads\/DP_Quadrigadurchbruch_4_1500Px-150x150.jpg","large_srcset":"https:\/\/poll-berlin.de\/galerie\/wp-content\/uploads\/DP_Quadrigadurchbruch_4_1500Px-800x1133.jpg 800w, https:\/\/poll-berlin.de\/galerie\/wp-content\/uploads\/DP_Quadrigadurchbruch_4_1500Px-212x300.jpg 212w, https:\/\/poll-berlin.de\/galerie\/wp-content\/uploads\/DP_Quadrigadurchbruch_4_1500Px-768x1088.jpg 768w, https:\/\/poll-berlin.de\/galerie\/wp-content\/uploads\/DP_Quadrigadurchbruch_4_1500Px.jpg 1059w","medium_srcset":"https:\/\/poll-berlin.de\/galerie\/wp-content\/uploads\/DP_Quadrigadurchbruch_4_1500Px-212x300.jpg 212w, https:\/\/poll-berlin.de\/galerie\/wp-content\/uploads\/DP_Quadrigadurchbruch_4_1500Px-800x1133.jpg 800w, https:\/\/poll-berlin.de\/galerie\/wp-content\/uploads\/DP_Quadrigadurchbruch_4_1500Px-768x1088.jpg 768w, https:\/\/poll-berlin.de\/galerie\/wp-content\/uploads\/DP_Quadrigadurchbruch_4_1500Px.jpg 1059w","media_details":{"width":1059,"height":1500,"sizes":{"medium":{"file":"DP_Quadrigadurchbruch_4_1500Px-212x300.jpg","width":212,"height":300,"mime-type":"image\/jpeg","source_url":"https:\/\/poll-berlin.de\/galerie\/wp-content\/uploads\/DP_Quadrigadurchbruch_4_1500Px-212x300.jpg"},"large":{"file":"DP_Quadrigadurchbruch_4_1500Px-800x1133.jpg","width":800,"height":1133,"mime-type":"image\/jpeg","source_url":"https:\/\/poll-berlin.de\/galerie\/wp-content\/uploads\/DP_Quadrigadurchbruch_4_1500Px-800x1133.jpg"},"thumbnail":{"file":"DP_Quadrigadurchbruch_4_1500Px-150x150.jpg","width":150,"height":150,"mime-type":"image\/jpeg","source_url":"https:\/\/poll-berlin.de\/galerie\/wp-content\/uploads\/DP_Quadrigadurchbruch_4_1500Px-150x150.jpg"},"medium_large":{"file":"DP_Quadrigadurchbruch_4_1500Px-768x1088.jpg","width":768,"height":1088,"mime-type":"image\/jpeg","source_url":"https:\/\/poll-berlin.de\/galerie\/wp-content\/uploads\/DP_Quadrigadurchbruch_4_1500Px-768x1088.jpg"}}},"alt_text":"","url":"","target":""},{"id":3134,"title":"","caption":"Daniel Poller, Im grauen Hof, Studienblatt 5, 2017, ausgel\u00f6schter Offsetdruck, 47 x 32.50 cm, gerahmt","full_image_url":"https:\/\/poll-berlin.de\/galerie\/wp-content\/uploads\/DP_Im-grauen-Hof_5_1500Px.jpg","thumbnail_image_url":"https:\/\/poll-berlin.de\/galerie\/wp-content\/uploads\/DP_Im-grauen-Hof_5_1500Px-150x150.jpg","large_srcset":"https:\/\/poll-berlin.de\/galerie\/wp-content\/uploads\/DP_Im-grauen-Hof_5_1500Px-800x1127.jpg 800w, https:\/\/poll-berlin.de\/galerie\/wp-content\/uploads\/DP_Im-grauen-Hof_5_1500Px-213x300.jpg 213w, https:\/\/poll-berlin.de\/galerie\/wp-content\/uploads\/DP_Im-grauen-Hof_5_1500Px-768x1082.jpg 768w, https:\/\/poll-berlin.de\/galerie\/wp-content\/uploads\/DP_Im-grauen-Hof_5_1500Px.jpg 1065w","medium_srcset":"https:\/\/poll-berlin.de\/galerie\/wp-content\/uploads\/DP_Im-grauen-Hof_5_1500Px-213x300.jpg 213w, https:\/\/poll-berlin.de\/galerie\/wp-content\/uploads\/DP_Im-grauen-Hof_5_1500Px-800x1127.jpg 800w, https:\/\/poll-berlin.de\/galerie\/wp-content\/uploads\/DP_Im-grauen-Hof_5_1500Px-768x1082.jpg 768w, https:\/\/poll-berlin.de\/galerie\/wp-content\/uploads\/DP_Im-grauen-Hof_5_1500Px.jpg 1065w","media_details":{"width":1065,"height":1500,"sizes":{"medium":{"file":"DP_Im-grauen-Hof_5_1500Px-213x300.jpg","width":213,"height":300,"mime-type":"image\/jpeg","source_url":"https:\/\/poll-berlin.de\/galerie\/wp-content\/uploads\/DP_Im-grauen-Hof_5_1500Px-213x300.jpg"},"large":{"file":"DP_Im-grauen-Hof_5_1500Px-800x1127.jpg","width":800,"height":1127,"mime-type":"image\/jpeg","source_url":"https:\/\/poll-berlin.de\/galerie\/wp-content\/uploads\/DP_Im-grauen-Hof_5_1500Px-800x1127.jpg"},"thumbnail":{"file":"DP_Im-grauen-Hof_5_1500Px-150x150.jpg","width":150,"height":150,"mime-type":"image\/jpeg","source_url":"https:\/\/poll-berlin.de\/galerie\/wp-content\/uploads\/DP_Im-grauen-Hof_5_1500Px-150x150.jpg"},"medium_large":{"file":"DP_Im-grauen-Hof_5_1500Px-768x1082.jpg","width":768,"height":1082,"mime-type":"image\/jpeg","source_url":"https:\/\/poll-berlin.de\/galerie\/wp-content\/uploads\/DP_Im-grauen-Hof_5_1500Px-768x1082.jpg"}}},"alt_text":"","url":"","target":""},{"id":3132,"title":"DP_Geschw\u00e4chtes Eigengepr\u00e4ge_6_1500Px","caption":"Daniel Poller, Geschw\u00e4chtes Eigengepr\u00e4ge, Studienblatt 6, 2017, ausgel\u00f6schter Offsetdruck, 47 x 32.50 cm, gerahmt","full_image_url":"https:\/\/poll-berlin.de\/galerie\/wp-content\/uploads\/DP_Geschwaechtes-Eigengepraege_6_1500Px.jpg","thumbnail_image_url":"https:\/\/poll-berlin.de\/galerie\/wp-content\/uploads\/DP_Geschwaechtes-Eigengepraege_6_1500Px-150x150.jpg","large_srcset":"https:\/\/poll-berlin.de\/galerie\/wp-content\/uploads\/DP_Geschwaechtes-Eigengepraege_6_1500Px-800x1153.jpg 800w, https:\/\/poll-berlin.de\/galerie\/wp-content\/uploads\/DP_Geschwaechtes-Eigengepraege_6_1500Px-208x300.jpg 208w, https:\/\/poll-berlin.de\/galerie\/wp-content\/uploads\/DP_Geschwaechtes-Eigengepraege_6_1500Px-768x1107.jpg 768w, https:\/\/poll-berlin.de\/galerie\/wp-content\/uploads\/DP_Geschwaechtes-Eigengepraege_6_1500Px.jpg 1041w","medium_srcset":"https:\/\/poll-berlin.de\/galerie\/wp-content\/uploads\/DP_Geschwaechtes-Eigengepraege_6_1500Px-208x300.jpg 208w, https:\/\/poll-berlin.de\/galerie\/wp-content\/uploads\/DP_Geschwaechtes-Eigengepraege_6_1500Px-800x1153.jpg 800w, https:\/\/poll-berlin.de\/galerie\/wp-content\/uploads\/DP_Geschwaechtes-Eigengepraege_6_1500Px-768x1107.jpg 768w, https:\/\/poll-berlin.de\/galerie\/wp-content\/uploads\/DP_Geschwaechtes-Eigengepraege_6_1500Px.jpg 1041w","media_details":{"width":1041,"height":1500,"sizes":{"medium":{"file":"DP_Geschwaechtes-Eigengepraege_6_1500Px-208x300.jpg","width":208,"height":300,"mime-type":"image\/jpeg","source_url":"https:\/\/poll-berlin.de\/galerie\/wp-content\/uploads\/DP_Geschwaechtes-Eigengepraege_6_1500Px-208x300.jpg"},"large":{"file":"DP_Geschwaechtes-Eigengepraege_6_1500Px-800x1153.jpg","width":800,"height":1153,"mime-type":"image\/jpeg","source_url":"https:\/\/poll-berlin.de\/galerie\/wp-content\/uploads\/DP_Geschwaechtes-Eigengepraege_6_1500Px-800x1153.jpg"},"thumbnail":{"file":"DP_Geschwaechtes-Eigengepraege_6_1500Px-150x150.jpg","width":150,"height":150,"mime-type":"image\/jpeg","source_url":"https:\/\/poll-berlin.de\/galerie\/wp-content\/uploads\/DP_Geschwaechtes-Eigengepraege_6_1500Px-150x150.jpg"},"medium_large":{"file":"DP_Geschwaechtes-Eigengepraege_6_1500Px-768x1107.jpg","width":768,"height":1107,"mime-type":"image\/jpeg","source_url":"https:\/\/poll-berlin.de\/galerie\/wp-content\/uploads\/DP_Geschwaechtes-Eigengepraege_6_1500Px-768x1107.jpg"}}},"alt_text":"","url":"","target":""},{"id":3131,"title":"DP_Allein das Mittelst\u00fcck_7_1500Px","caption":"Daniel Poller, Allein das Mittelst\u00fcck, Studienblatt 7, 2017, ausgel\u00f6schter Offsetdruck, 47 x 32.50 cm, gerahmt","full_image_url":"https:\/\/poll-berlin.de\/galerie\/wp-content\/uploads\/DP_Allein-das-Mittelstueck_7_1500Px.jpg","thumbnail_image_url":"https:\/\/poll-berlin.de\/galerie\/wp-content\/uploads\/DP_Allein-das-Mittelstueck_7_1500Px-150x150.jpg","large_srcset":"https:\/\/poll-berlin.de\/galerie\/wp-content\/uploads\/DP_Allein-das-Mittelstueck_7_1500Px-800x1123.jpg 800w, https:\/\/poll-berlin.de\/galerie\/wp-content\/uploads\/DP_Allein-das-Mittelstueck_7_1500Px-214x300.jpg 214w, https:\/\/poll-berlin.de\/galerie\/wp-content\/uploads\/DP_Allein-das-Mittelstueck_7_1500Px-768x1078.jpg 768w, https:\/\/poll-berlin.de\/galerie\/wp-content\/uploads\/DP_Allein-das-Mittelstueck_7_1500Px.jpg 1069w","medium_srcset":"https:\/\/poll-berlin.de\/galerie\/wp-content\/uploads\/DP_Allein-das-Mittelstueck_7_1500Px-214x300.jpg 214w, https:\/\/poll-berlin.de\/galerie\/wp-content\/uploads\/DP_Allein-das-Mittelstueck_7_1500Px-800x1123.jpg 800w, https:\/\/poll-berlin.de\/galerie\/wp-content\/uploads\/DP_Allein-das-Mittelstueck_7_1500Px-768x1078.jpg 768w, https:\/\/poll-berlin.de\/galerie\/wp-content\/uploads\/DP_Allein-das-Mittelstueck_7_1500Px.jpg 1069w","media_details":{"width":1069,"height":1500,"sizes":{"medium":{"file":"DP_Allein-das-Mittelstueck_7_1500Px-214x300.jpg","width":214,"height":300,"mime-type":"image\/jpeg","source_url":"https:\/\/poll-berlin.de\/galerie\/wp-content\/uploads\/DP_Allein-das-Mittelstueck_7_1500Px-214x300.jpg"},"large":{"file":"DP_Allein-das-Mittelstueck_7_1500Px-800x1123.jpg","width":800,"height":1123,"mime-type":"image\/jpeg","source_url":"https:\/\/poll-berlin.de\/galerie\/wp-content\/uploads\/DP_Allein-das-Mittelstueck_7_1500Px-800x1123.jpg"},"thumbnail":{"file":"DP_Allein-das-Mittelstueck_7_1500Px-150x150.jpg","width":150,"height":150,"mime-type":"image\/jpeg","source_url":"https:\/\/poll-berlin.de\/galerie\/wp-content\/uploads\/DP_Allein-das-Mittelstueck_7_1500Px-150x150.jpg"},"medium_large":{"file":"DP_Allein-das-Mittelstueck_7_1500Px-768x1078.jpg","width":768,"height":1078,"mime-type":"image\/jpeg","source_url":"https:\/\/poll-berlin.de\/galerie\/wp-content\/uploads\/DP_Allein-das-Mittelstueck_7_1500Px-768x1078.jpg"}}},"alt_text":"","url":"","target":""},{"id":3139,"title":"DP_Schlossbewohner_8_1500Px","caption":"Daniel Poller, Schlossbewohner, Studienblatt 8, 2017, ausgel\u00f6schter Offsetdruck, 47 x 32.50 cm, gerahmt","full_image_url":"https:\/\/poll-berlin.de\/galerie\/wp-content\/uploads\/DP_Schlossbewohner_8_1500Px.jpg","thumbnail_image_url":"https:\/\/poll-berlin.de\/galerie\/wp-content\/uploads\/DP_Schlossbewohner_8_1500Px-150x150.jpg","large_srcset":"https:\/\/poll-berlin.de\/galerie\/wp-content\/uploads\/DP_Schlossbewohner_8_1500Px-800x1130.jpg 800w, https:\/\/poll-berlin.de\/galerie\/wp-content\/uploads\/DP_Schlossbewohner_8_1500Px-212x300.jpg 212w, https:\/\/poll-berlin.de\/galerie\/wp-content\/uploads\/DP_Schlossbewohner_8_1500Px-768x1085.jpg 768w, https:\/\/poll-berlin.de\/galerie\/wp-content\/uploads\/DP_Schlossbewohner_8_1500Px.jpg 1062w","medium_srcset":"https:\/\/poll-berlin.de\/galerie\/wp-content\/uploads\/DP_Schlossbewohner_8_1500Px-212x300.jpg 212w, https:\/\/poll-berlin.de\/galerie\/wp-content\/uploads\/DP_Schlossbewohner_8_1500Px-800x1130.jpg 800w, https:\/\/poll-berlin.de\/galerie\/wp-content\/uploads\/DP_Schlossbewohner_8_1500Px-768x1085.jpg 768w, https:\/\/poll-berlin.de\/galerie\/wp-content\/uploads\/DP_Schlossbewohner_8_1500Px.jpg 1062w","media_details":{"width":1062,"height":1500,"sizes":{"medium":{"file":"DP_Schlossbewohner_8_1500Px-212x300.jpg","width":212,"height":300,"mime-type":"image\/jpeg","source_url":"https:\/\/poll-berlin.de\/galerie\/wp-content\/uploads\/DP_Schlossbewohner_8_1500Px-212x300.jpg"},"large":{"file":"DP_Schlossbewohner_8_1500Px-800x1130.jpg","width":800,"height":1130,"mime-type":"image\/jpeg","source_url":"https:\/\/poll-berlin.de\/galerie\/wp-content\/uploads\/DP_Schlossbewohner_8_1500Px-800x1130.jpg"},"thumbnail":{"file":"DP_Schlossbewohner_8_1500Px-150x150.jpg","width":150,"height":150,"mime-type":"image\/jpeg","source_url":"https:\/\/poll-berlin.de\/galerie\/wp-content\/uploads\/DP_Schlossbewohner_8_1500Px-150x150.jpg"},"medium_large":{"file":"DP_Schlossbewohner_8_1500Px-768x1085.jpg","width":768,"height":1085,"mime-type":"image\/jpeg","source_url":"https:\/\/poll-berlin.de\/galerie\/wp-content\/uploads\/DP_Schlossbewohner_8_1500Px-768x1085.jpg"}}},"alt_text":"","url":"","target":""},{"id":3136,"title":"","caption":"Daniel Poller, Lichtscheues Gesindel, Studienblatt 9, 2017, ausgel\u00f6schter Offsetdruck, 47 x 32.50 cm, gerahmt","full_image_url":"https:\/\/poll-berlin.de\/galerie\/wp-content\/uploads\/DP_Lichtscheues-Gesindel_9_1500Px.jpg","thumbnail_image_url":"https:\/\/poll-berlin.de\/galerie\/wp-content\/uploads\/DP_Lichtscheues-Gesindel_9_1500Px-150x150.jpg","large_srcset":"https:\/\/poll-berlin.de\/galerie\/wp-content\/uploads\/DP_Lichtscheues-Gesindel_9_1500Px-800x1135.jpg 800w, https:\/\/poll-berlin.de\/galerie\/wp-content\/uploads\/DP_Lichtscheues-Gesindel_9_1500Px-211x300.jpg 211w, https:\/\/poll-berlin.de\/galerie\/wp-content\/uploads\/DP_Lichtscheues-Gesindel_9_1500Px-768x1090.jpg 768w, https:\/\/poll-berlin.de\/galerie\/wp-content\/uploads\/DP_Lichtscheues-Gesindel_9_1500Px.jpg 1057w","medium_srcset":"https:\/\/poll-berlin.de\/galerie\/wp-content\/uploads\/DP_Lichtscheues-Gesindel_9_1500Px-211x300.jpg 211w, https:\/\/poll-berlin.de\/galerie\/wp-content\/uploads\/DP_Lichtscheues-Gesindel_9_1500Px-800x1135.jpg 800w, https:\/\/poll-berlin.de\/galerie\/wp-content\/uploads\/DP_Lichtscheues-Gesindel_9_1500Px-768x1090.jpg 768w, https:\/\/poll-berlin.de\/galerie\/wp-content\/uploads\/DP_Lichtscheues-Gesindel_9_1500Px.jpg 1057w","media_details":{"width":1057,"height":1500,"sizes":{"medium":{"file":"DP_Lichtscheues-Gesindel_9_1500Px-211x300.jpg","width":211,"height":300,"mime-type":"image\/jpeg","source_url":"https:\/\/poll-berlin.de\/galerie\/wp-content\/uploads\/DP_Lichtscheues-Gesindel_9_1500Px-211x300.jpg"},"large":{"file":"DP_Lichtscheues-Gesindel_9_1500Px-800x1135.jpg","width":800,"height":1135,"mime-type":"image\/jpeg","source_url":"https:\/\/poll-berlin.de\/galerie\/wp-content\/uploads\/DP_Lichtscheues-Gesindel_9_1500Px-800x1135.jpg"},"thumbnail":{"file":"DP_Lichtscheues-Gesindel_9_1500Px-150x150.jpg","width":150,"height":150,"mime-type":"image\/jpeg","source_url":"https:\/\/poll-berlin.de\/galerie\/wp-content\/uploads\/DP_Lichtscheues-Gesindel_9_1500Px-150x150.jpg"},"medium_large":{"file":"DP_Lichtscheues-Gesindel_9_1500Px-768x1090.jpg","width":768,"height":1090,"mime-type":"image\/jpeg","source_url":"https:\/\/poll-berlin.de\/galerie\/wp-content\/uploads\/DP_Lichtscheues-Gesindel_9_1500Px-768x1090.jpg"}}},"alt_text":"","url":"","target":""},{"id":3135,"title":"DP_In dritter Auflage_10_1500Px","caption":"Daniel Poller, In dritter Auflage, Studienblatt 10, 2017, ausgel\u00f6schter Offsetdruck, 47 x 32.50 cm, gerahmt","full_image_url":"https:\/\/poll-berlin.de\/galerie\/wp-content\/uploads\/DP_In-dritter-Auflage_10_1500Px.jpg","thumbnail_image_url":"https:\/\/poll-berlin.de\/galerie\/wp-content\/uploads\/DP_In-dritter-Auflage_10_1500Px-150x150.jpg","large_srcset":"https:\/\/poll-berlin.de\/galerie\/wp-content\/uploads\/DP_In-dritter-Auflage_10_1500Px-800x1128.jpg 800w, https:\/\/poll-berlin.de\/galerie\/wp-content\/uploads\/DP_In-dritter-Auflage_10_1500Px-213x300.jpg 213w, https:\/\/poll-berlin.de\/galerie\/wp-content\/uploads\/DP_In-dritter-Auflage_10_1500Px-768x1083.jpg 768w, https:\/\/poll-berlin.de\/galerie\/wp-content\/uploads\/DP_In-dritter-Auflage_10_1500Px.jpg 1064w","medium_srcset":"https:\/\/poll-berlin.de\/galerie\/wp-content\/uploads\/DP_In-dritter-Auflage_10_1500Px-213x300.jpg 213w, https:\/\/poll-berlin.de\/galerie\/wp-content\/uploads\/DP_In-dritter-Auflage_10_1500Px-800x1128.jpg 800w, https:\/\/poll-berlin.de\/galerie\/wp-content\/uploads\/DP_In-dritter-Auflage_10_1500Px-768x1083.jpg 768w, https:\/\/poll-berlin.de\/galerie\/wp-content\/uploads\/DP_In-dritter-Auflage_10_1500Px.jpg 1064w","media_details":{"width":1064,"height":1500,"sizes":{"medium":{"file":"DP_In-dritter-Auflage_10_1500Px-213x300.jpg","width":213,"height":300,"mime-type":"image\/jpeg","source_url":"https:\/\/poll-berlin.de\/galerie\/wp-content\/uploads\/DP_In-dritter-Auflage_10_1500Px-213x300.jpg"},"large":{"file":"DP_In-dritter-Auflage_10_1500Px-800x1128.jpg","width":800,"height":1128,"mime-type":"image\/jpeg","source_url":"https:\/\/poll-berlin.de\/galerie\/wp-content\/uploads\/DP_In-dritter-Auflage_10_1500Px-800x1128.jpg"},"thumbnail":{"file":"DP_In-dritter-Auflage_10_1500Px-150x150.jpg","width":150,"height":150,"mime-type":"image\/jpeg","source_url":"https:\/\/poll-berlin.de\/galerie\/wp-content\/uploads\/DP_In-dritter-Auflage_10_1500Px-150x150.jpg"},"medium_large":{"file":"DP_In-dritter-Auflage_10_1500Px-768x1083.jpg","width":768,"height":1083,"mime-type":"image\/jpeg","source_url":"https:\/\/poll-berlin.de\/galerie\/wp-content\/uploads\/DP_In-dritter-Auflage_10_1500Px-768x1083.jpg"}}},"alt_text":"","url":"","target":""},{"id":3138,"title":"","caption":"Daniel Poller, Reitkunst und F\u00fchrungsstil, Studienblatt 11, 2017, ausgel\u00f6schter Offsetdruck, 47 x 32.50 cm, gerahmt","full_image_url":"https:\/\/poll-berlin.de\/galerie\/wp-content\/uploads\/DP_Reitkunst-und-Fuehrungsstil_11_1500Px.jpg","thumbnail_image_url":"https:\/\/poll-berlin.de\/galerie\/wp-content\/uploads\/DP_Reitkunst-und-Fuehrungsstil_11_1500Px-150x150.jpg","large_srcset":"https:\/\/poll-berlin.de\/galerie\/wp-content\/uploads\/DP_Reitkunst-und-Fuehrungsstil_11_1500Px-800x1135.jpg 800w, https:\/\/poll-berlin.de\/galerie\/wp-content\/uploads\/DP_Reitkunst-und-Fuehrungsstil_11_1500Px-211x300.jpg 211w, https:\/\/poll-berlin.de\/galerie\/wp-content\/uploads\/DP_Reitkunst-und-Fuehrungsstil_11_1500Px-768x1090.jpg 768w, https:\/\/poll-berlin.de\/galerie\/wp-content\/uploads\/DP_Reitkunst-und-Fuehrungsstil_11_1500Px.jpg 1057w","medium_srcset":"https:\/\/poll-berlin.de\/galerie\/wp-content\/uploads\/DP_Reitkunst-und-Fuehrungsstil_11_1500Px-211x300.jpg 211w, https:\/\/poll-berlin.de\/galerie\/wp-content\/uploads\/DP_Reitkunst-und-Fuehrungsstil_11_1500Px-800x1135.jpg 800w, https:\/\/poll-berlin.de\/galerie\/wp-content\/uploads\/DP_Reitkunst-und-Fuehrungsstil_11_1500Px-768x1090.jpg 768w, https:\/\/poll-berlin.de\/galerie\/wp-content\/uploads\/DP_Reitkunst-und-Fuehrungsstil_11_1500Px.jpg 1057w","media_details":{"width":1057,"height":1500,"sizes":{"medium":{"file":"DP_Reitkunst-und-Fuehrungsstil_11_1500Px-211x300.jpg","width":211,"height":300,"mime-type":"image\/jpeg","source_url":"https:\/\/poll-berlin.de\/galerie\/wp-content\/uploads\/DP_Reitkunst-und-Fuehrungsstil_11_1500Px-211x300.jpg"},"large":{"file":"DP_Reitkunst-und-Fuehrungsstil_11_1500Px-800x1135.jpg","width":800,"height":1135,"mime-type":"image\/jpeg","source_url":"https:\/\/poll-berlin.de\/galerie\/wp-content\/uploads\/DP_Reitkunst-und-Fuehrungsstil_11_1500Px-800x1135.jpg"},"thumbnail":{"file":"DP_Reitkunst-und-Fuehrungsstil_11_1500Px-150x150.jpg","width":150,"height":150,"mime-type":"image\/jpeg","source_url":"https:\/\/poll-berlin.de\/galerie\/wp-content\/uploads\/DP_Reitkunst-und-Fuehrungsstil_11_1500Px-150x150.jpg"},"medium_large":{"file":"DP_Reitkunst-und-Fuehrungsstil_11_1500Px-768x1090.jpg","width":768,"height":1090,"mime-type":"image\/jpeg","source_url":"https:\/\/poll-berlin.de\/galerie\/wp-content\/uploads\/DP_Reitkunst-und-Fuehrungsstil_11_1500Px-768x1090.jpg"}}},"alt_text":"","url":"","target":""},{"id":411,"title":"","caption":"Daniel Poller, Sturz und Wiederaufstieg (aus: Der gro\u00dfe Gewinn), 2017, manuell ausgel\u00f6schter Pigmentprint, 160 x 110 cm","full_image_url":"https:\/\/poll-berlin.de\/galerie\/wp-content\/uploads\/DP_Sturz-und-Wiederaufstieg_2017.jpg","thumbnail_image_url":"https:\/\/poll-berlin.de\/galerie\/wp-content\/uploads\/DP_Sturz-und-Wiederaufstieg_2017-150x150.jpg","large_srcset":"https:\/\/poll-berlin.de\/galerie\/wp-content\/uploads\/DP_Sturz-und-Wiederaufstieg_2017-800x1158.jpg 800w, https:\/\/poll-berlin.de\/galerie\/wp-content\/uploads\/DP_Sturz-und-Wiederaufstieg_2017-207x300.jpg 207w, https:\/\/poll-berlin.de\/galerie\/wp-content\/uploads\/DP_Sturz-und-Wiederaufstieg_2017-768x1112.jpg 768w, https:\/\/poll-berlin.de\/galerie\/wp-content\/uploads\/DP_Sturz-und-Wiederaufstieg_2017.jpg 1036w","medium_srcset":"https:\/\/poll-berlin.de\/galerie\/wp-content\/uploads\/DP_Sturz-und-Wiederaufstieg_2017-207x300.jpg 207w, https:\/\/poll-berlin.de\/galerie\/wp-content\/uploads\/DP_Sturz-und-Wiederaufstieg_2017-800x1158.jpg 800w, https:\/\/poll-berlin.de\/galerie\/wp-content\/uploads\/DP_Sturz-und-Wiederaufstieg_2017-768x1112.jpg 768w, https:\/\/poll-berlin.de\/galerie\/wp-content\/uploads\/DP_Sturz-und-Wiederaufstieg_2017.jpg 1036w","media_details":{"width":1036,"height":1500,"sizes":{"medium":{"file":"DP_Sturz-und-Wiederaufstieg_2017-207x300.jpg","width":207,"height":300,"mime-type":"image\/jpeg","source_url":"https:\/\/poll-berlin.de\/galerie\/wp-content\/uploads\/DP_Sturz-und-Wiederaufstieg_2017-207x300.jpg"},"large":{"file":"DP_Sturz-und-Wiederaufstieg_2017-800x1158.jpg","width":800,"height":1158,"mime-type":"image\/jpeg","source_url":"https:\/\/poll-berlin.de\/galerie\/wp-content\/uploads\/DP_Sturz-und-Wiederaufstieg_2017-800x1158.jpg"},"thumbnail":{"file":"DP_Sturz-und-Wiederaufstieg_2017-150x150.jpg","width":150,"height":150,"mime-type":"image\/jpeg","source_url":"https:\/\/poll-berlin.de\/galerie\/wp-content\/uploads\/DP_Sturz-und-Wiederaufstieg_2017-150x150.jpg"},"medium_large":{"file":"DP_Sturz-und-Wiederaufstieg_2017-768x1112.jpg","width":768,"height":1112,"mime-type":"image\/jpeg","source_url":"https:\/\/poll-berlin.de\/galerie\/wp-content\/uploads\/DP_Sturz-und-Wiederaufstieg_2017-768x1112.jpg"}}},"alt_text":"","url":"","target":""},{"id":410,"title":"","caption":"Daniel Poller, Schlossbewohner (aus: Der gro\u00dfe Gewinn), 2017, manuell ausgel\u00f6schter Pigmentprint, 160 x 110 cm","full_image_url":"https:\/\/poll-berlin.de\/galerie\/wp-content\/uploads\/DP_Schlossbewohner_2017.jpg","thumbnail_image_url":"https:\/\/poll-berlin.de\/galerie\/wp-content\/uploads\/DP_Schlossbewohner_2017-150x150.jpg","large_srcset":"https:\/\/poll-berlin.de\/galerie\/wp-content\/uploads\/DP_Schlossbewohner_2017-800x1157.jpg 800w, https:\/\/poll-berlin.de\/galerie\/wp-content\/uploads\/DP_Schlossbewohner_2017-207x300.jpg 207w, https:\/\/poll-berlin.de\/galerie\/wp-content\/uploads\/DP_Schlossbewohner_2017-768x1111.jpg 768w, https:\/\/poll-berlin.de\/galerie\/wp-content\/uploads\/DP_Schlossbewohner_2017.jpg 1037w","medium_srcset":"https:\/\/poll-berlin.de\/galerie\/wp-content\/uploads\/DP_Schlossbewohner_2017-207x300.jpg 207w, https:\/\/poll-berlin.de\/galerie\/wp-content\/uploads\/DP_Schlossbewohner_2017-800x1157.jpg 800w, https:\/\/poll-berlin.de\/galerie\/wp-content\/uploads\/DP_Schlossbewohner_2017-768x1111.jpg 768w, https:\/\/poll-berlin.de\/galerie\/wp-content\/uploads\/DP_Schlossbewohner_2017.jpg 1037w","media_details":{"width":1037,"height":1500,"sizes":{"medium":{"file":"DP_Schlossbewohner_2017-207x300.jpg","width":207,"height":300,"mime-type":"image\/jpeg","source_url":"https:\/\/poll-berlin.de\/galerie\/wp-content\/uploads\/DP_Schlossbewohner_2017-207x300.jpg"},"large":{"file":"DP_Schlossbewohner_2017-800x1157.jpg","width":800,"height":1157,"mime-type":"image\/jpeg","source_url":"https:\/\/poll-berlin.de\/galerie\/wp-content\/uploads\/DP_Schlossbewohner_2017-800x1157.jpg"},"thumbnail":{"file":"DP_Schlossbewohner_2017-150x150.jpg","width":150,"height":150,"mime-type":"image\/jpeg","source_url":"https:\/\/poll-berlin.de\/galerie\/wp-content\/uploads\/DP_Schlossbewohner_2017-150x150.jpg"},"medium_large":{"file":"DP_Schlossbewohner_2017-768x1111.jpg","width":768,"height":1111,"mime-type":"image\/jpeg","source_url":"https:\/\/poll-berlin.de\/galerie\/wp-content\/uploads\/DP_Schlossbewohner_2017-768x1111.jpg"}}},"alt_text":"","url":"","target":""},{"id":401,"title":"","caption":"Daniel Poller, Allein das Mittelst\u00fcck (aus: Der gro\u00dfe Gewinn), 2017, ausgel\u00f6schter Pigmentprint, 160 x 110 cm","full_image_url":"https:\/\/poll-berlin.de\/galerie\/wp-content\/uploads\/DP_Allein-das-Mittelstueck_2017.jpg","thumbnail_image_url":"https:\/\/poll-berlin.de\/galerie\/wp-content\/uploads\/DP_Allein-das-Mittelstueck_2017-150x150.jpg","large_srcset":"https:\/\/poll-berlin.de\/galerie\/wp-content\/uploads\/DP_Allein-das-Mittelstueck_2017-800x1158.jpg 800w, https:\/\/poll-berlin.de\/galerie\/wp-content\/uploads\/DP_Allein-das-Mittelstueck_2017-207x300.jpg 207w, https:\/\/poll-berlin.de\/galerie\/wp-content\/uploads\/DP_Allein-das-Mittelstueck_2017-768x1112.jpg 768w, https:\/\/poll-berlin.de\/galerie\/wp-content\/uploads\/DP_Allein-das-Mittelstueck_2017.jpg 1036w","medium_srcset":"https:\/\/poll-berlin.de\/galerie\/wp-content\/uploads\/DP_Allein-das-Mittelstueck_2017-207x300.jpg 207w, https:\/\/poll-berlin.de\/galerie\/wp-content\/uploads\/DP_Allein-das-Mittelstueck_2017-800x1158.jpg 800w, https:\/\/poll-berlin.de\/galerie\/wp-content\/uploads\/DP_Allein-das-Mittelstueck_2017-768x1112.jpg 768w, https:\/\/poll-berlin.de\/galerie\/wp-content\/uploads\/DP_Allein-das-Mittelstueck_2017.jpg 1036w","media_details":{"width":1036,"height":1500,"sizes":{"medium":{"file":"DP_Allein-das-Mittelstueck_2017-207x300.jpg","width":207,"height":300,"mime-type":"image\/jpeg","source_url":"https:\/\/poll-berlin.de\/galerie\/wp-content\/uploads\/DP_Allein-das-Mittelstueck_2017-207x300.jpg"},"large":{"file":"DP_Allein-das-Mittelstueck_2017-800x1158.jpg","width":800,"height":1158,"mime-type":"image\/jpeg","source_url":"https:\/\/poll-berlin.de\/galerie\/wp-content\/uploads\/DP_Allein-das-Mittelstueck_2017-800x1158.jpg"},"thumbnail":{"file":"DP_Allein-das-Mittelstueck_2017-150x150.jpg","width":150,"height":150,"mime-type":"image\/jpeg","source_url":"https:\/\/poll-berlin.de\/galerie\/wp-content\/uploads\/DP_Allein-das-Mittelstueck_2017-150x150.jpg"},"medium_large":{"file":"DP_Allein-das-Mittelstueck_2017-768x1112.jpg","width":768,"height":1112,"mime-type":"image\/jpeg","source_url":"https:\/\/poll-berlin.de\/galerie\/wp-content\/uploads\/DP_Allein-das-Mittelstueck_2017-768x1112.jpg"}}},"alt_text":"","url":"","target":""}]]}},"_links":{"self":[{"href":"https:\/\/poll-berlin.de\/galerie\/wp-json\/wp\/v2\/pages\/188","targetHints":{"allow":["GET"]}}],"collection":[{"href":"https:\/\/poll-berlin.de\/galerie\/wp-json\/wp\/v2\/pages"}],"about":[{"href":"https:\/\/poll-berlin.de\/galerie\/wp-json\/wp\/v2\/types\/page"}],"author":[{"embeddable":true,"href":"https:\/\/poll-berlin.de\/galerie\/wp-json\/wp\/v2\/users\/2"}],"replies":[{"embeddable":true,"href":"https:\/\/poll-berlin.de\/galerie\/wp-json\/wp\/v2\/comments?post=188"}],"version-history":[{"count":12,"href":"https:\/\/poll-berlin.de\/galerie\/wp-json\/wp\/v2\/pages\/188\/revisions"}],"predecessor-version":[{"id":27276,"href":"https:\/\/poll-berlin.de\/galerie\/wp-json\/wp\/v2\/pages\/188\/revisions\/27276"}],"up":[{"embeddable":true,"href":"https:\/\/poll-berlin.de\/galerie\/wp-json\/wp\/v2\/pages\/45"}],"wp:featuredmedia":[{"embeddable":true,"href":"https:\/\/poll-berlin.de\/galerie\/wp-json\/wp\/v2\/media\/409"}],"wp:attachment":[{"href":"https:\/\/poll-berlin.de\/galerie\/wp-json\/wp\/v2\/media?parent=188"}],"curies":[{"name":"wp","href":"https:\/\/api.w.org\/{rel}","templated":true}]}}