{"id":1134,"date":"2021-07-06T19:01:00","date_gmt":"2021-07-06T17:01:00","guid":{"rendered":"https:\/\/poll-berlin.de\/galerie\/?page_id=1134"},"modified":"2025-07-29T14:24:02","modified_gmt":"2025-07-29T12:24:02","slug":"ausstellungen","status":"publish","type":"page","link":"https:\/\/poll-berlin.de\/galerie\/kuenstler-der-galerie\/thomas-lange\/ausstellungen\/","title":{"rendered":"Ausstellungen"},"content":{"rendered":"\n<p><strong>Einzelausstellungen (Auswahl<\/strong>)<\/p>\n\n\n\n<div style=\"height:10px\" aria-hidden=\"true\" class=\"wp-block-spacer\"><\/div>\n\n\n\n<figure class=\"wp-block-table\"><table><tbody><tr><td>2025<\/td><td>Galerie Poll, Berlin<\/td><\/tr><tr><td>2017<\/td><td>ZAC \u2013 Zisa Zona Arti Contemporanee, Palermo<br>Museo di Palazzo Orsini, Pitigliano (mit Mutsuo Hirano)<\/td><\/tr><tr><td>2014<\/td><td>Haus der Architekten, D\u00fcsseldorf<\/td><\/tr><tr><td>2013<\/td><td>Fondazione Mudima, Mailand<br>Museum Burg Miltenberg<\/td><\/tr><tr><td>2012<\/td><td>Museo di Brescia (Italien)<br>Palazzo Vescovile, Acquapendente (Italien)<\/td><\/tr><tr><td>2011<\/td><td>Galerie Poll, Berlin<\/td><\/tr><tr><td>2010<\/td><td>Chiesa di San Crescentino, Morra (Italien)<br>Galleria Il Frantoio, Capalbio (Italien)<br>Museum am Dom, W\u00fcrzburg<\/td><\/tr><tr><td>2009<\/td><td>Museo dell&#8217;Opera del Duomo, Orvieto (Italien)<br>Museo Civico, Spoleto (Italien)<\/td><\/tr><tr><td>2008<\/td><td>Galleri W\u00fcrth, Hagan (Norwegen)<br>Kunstforum W\u00fcrth, Turnhout (Belgien)<\/td><\/tr><tr><td>2007<\/td><td>Zellermayer Galerie Berlin<br>Art Forum W\u00fcrth, Capena (Italien)<\/td><\/tr><tr><td>2006<\/td><td>Galerie Deweer, Ottegem (Belgien)<\/td><\/tr><tr><td>2005<\/td><td>Di\u00f6zesanmuseum, Rottenberg-Stuttgart<br>Museo Nazionale del Palazzo di Venezia, Rom<\/td><\/tr><tr><td>2004<\/td><td>Kunstverein Augsburg<br>Mannheimer Kunstverein<br>Kunstzentrum W\u00fcrth, Chur (Schweiz)<\/td><\/tr><tr><td>2003<\/td><td>Museum am Dom, W\u00fcrzburg<br>Zellermayer Galerie, Berlin<\/td><\/tr><tr><td>2000<\/td><td>Goethe-Institut Br\u00fcssel<br>Galerie Jahn, Landshut<br>Kunstverein Uelzen<\/td><\/tr><tr><td>1999<\/td><td>Gustav-L\u00fcbcke-Museum, Hamm<br>W\u00fcrzburger Kunstverein<br>Zellermayer Galerie, Berlin<\/td><\/tr><tr><td>1998<\/td><td>Kunsthalle Mannheim<br>Provinciaal Museum voor Moderne Kunst, Oostende<\/td><\/tr><tr><td>1997<\/td><td>Istanbul State Art and Sculpture Museum<br>Haus am L\u00fctzowplatz, Berlin<\/td><\/tr><tr><td>1996<\/td><td>Hirschwirtscheuer Museum, K\u00fcnzelsau<br>Deweer Art Gallery, Otegem (Belgien)<\/td><\/tr><tr><td>1995<\/td><td>Zellermeyer Galerie, Berlin<br>Marburger Kunstverein<\/td><\/tr><tr><td>1992<\/td><td>Kunsthalle Budapest<br>Villa Romana, Florenz<\/td><\/tr><tr><td>1990<\/td><td>Mannheimer Kunstverein<br>Deweer Art Gallery, Otegem (Belgien)<\/td><\/tr><tr><td>1988<\/td><td>Neuer Berliner Kunstverein (NBK)<br>Kunstverein Hannover<br>Provinciaal Museum voor Moderne Kunst, Oostende<\/td><\/tr><tr><td>1986<\/td><td>Historisches Museum, Bielefeld<br>Zellermayer Galerie, Berlin<br>Galerie Hermeyer, M\u00fcnchen<\/td><\/tr><tr><td>1985<\/td><td>Kunstverein Braunschweig<br>Mathildenh\u00f6he, Darmstadt<br>Villa Romana, Florenz<\/td><\/tr><tr><td>1983<\/td><td>Galerie Zimmer, D\u00fcsseldorf<br>Galerie Eva Poll, Berlin<\/td><\/tr><tr><td>1981<\/td><td>Galerie Eva Poll, Berlin<\/td><\/tr><tr><td>1980<\/td><td>Selbsthilfegalerie Kulmerstrasse 20a, Berlin<\/td><\/tr><tr><td>1975<\/td><td>Selektion Berlin<\/td><\/tr><\/tbody><\/table><\/figure>\n\n\n\n<div style=\"height:10px\" aria-hidden=\"true\" class=\"wp-block-spacer\"><\/div>\n\n\n\n<p><strong>Gruppenausstellungen (Auswahl)<\/strong><\/p>\n\n\n\n<div style=\"height:10px\" aria-hidden=\"true\" class=\"wp-block-spacer\"><\/div>\n\n\n\n<figure class=\"wp-block-table\"><table><tbody><tr><td>2016<\/td><td>Kunsthaus Kaufbeuren<br>Accademia della Moda, Rom<br>Di\u00f6zesanmuseum, Regensburg<\/td><\/tr><tr><td>2015<\/td><td>Mus\u00e9e d&#8217;Art moderne et contemporain de Saint-\u00c9tienne<\/td><\/tr><tr><td>2012<\/td><td>Kunsthalle W\u00fcrth, Schw\u00e4bisch Hall<br>Nuova Galleria Morone, Milano<br>Galerie Poll, Berlin<\/td><\/tr><tr><td>2008<\/td><td>Berlinische Galerie &#8211; Museum f\u00fcr Moderne Kunst<\/td><\/tr><tr><td>2003<\/td><td>Museum am Dom, W\u00fcrzburg<\/td><\/tr><tr><td>2001<\/td><td>Galleria Civica, Suzzara (Italien)<\/td><\/tr><tr><td>1999<\/td><td>Palazzo dei Sette Orvieto (Italien)<\/td><\/tr><tr><td>1997<\/td><td>Museum W\u00fcrth, K\u00fcnzelsau<\/td><\/tr><tr><td>1990<\/td><td>44. Bienale in Venedig<\/td><\/tr><tr><td>1989<\/td><td>Mori Art Museum, Tokio<br>Martin-Gropius-Bau, Berlin<br>Mus\u00e9e d&#8217;Art moderne et contemporain de Saint-\u00c9tienne<\/td><\/tr><tr><td>1988<\/td><td>Solomon R. Guggenheim Museum, New York City<br>The Toledo Museum of Art (USA)<br>Williams College Museum of Art, Williamstown (USA)<br>Kunstmuseum D\u00fcsseldorf<br>Schirn Kunsthalle Frankfurt<br>Galerie der K\u00fcnstler, M\u00fcnchen<\/td><\/tr><tr><td>1986<\/td><td>Akademie der K\u00fcnste, Berlin<\/td><\/tr><tr><td>1984<\/td><td>Palais des Beaux-Arts, Br\u00fcssel<br>Br\u00fccke-Museum, Berlin<br>Kunstverein Pforzheim<\/td><\/tr><tr><td>1983<\/td><td>St\u00e4dtische Galerie Regensburg<\/td><\/tr><tr><td>1982<\/td><td>Kulturhuset, Stockholm<br>Kunstverein M\u00fcnchen<\/td><\/tr><tr><td>1981<\/td><td>Goethe-Institut London<br>Mus\u00e9e d\u2019Art Moderne et d\u2019Art Contemporain de Nice<br>Akademie der K\u00fcnste, Berlin<\/td><\/tr><tr><td>1979<\/td><td>Galerie in der B\u00f6ttcherstra\u00dfe, Bremen<\/td><\/tr><tr><td>1978<\/td><td>Galerie Eva Poll, Berlin<\/td><\/tr><\/tbody><\/table><\/figure>\n","protected":false},"excerpt":{"rendered":"<p>Einzelausstellungen (Auswahl) 2025 Galerie Poll, Berlin 2017 ZAC \u2013 Zisa Zona Arti Contemporanee, PalermoMuseo di Palazzo Orsini, Pitigliano (mit Mutsuo Hirano) 2014 Haus der Architekten, D\u00fcsseldorf 2013 Fondazione Mudima, MailandMuseum Burg Miltenberg 2012 Museo di Brescia (Italien)Palazzo Vescovile, Acquapendente (Italien) 2011 Galerie Poll, Berlin 2010 Chiesa di San Crescentino, Morra (Italien)Galleria Il Frantoio, Capalbio (Italien)Museum [&hellip;]<\/p>\n","protected":false},"author":1,"featured_media":0,"parent":1078,"menu_order":1,"comment_status":"closed","ping_status":"closed","template":"kuenstler-text.php","meta":{"_acf_changed":false,"footnotes":""},"class_list":["post-1134","page","type-page","status-publish","hentry"],"acf":[],"_links":{"self":[{"href":"https:\/\/poll-berlin.de\/galerie\/wp-json\/wp\/v2\/pages\/1134","targetHints":{"allow":["GET"]}}],"collection":[{"href":"https:\/\/poll-berlin.de\/galerie\/wp-json\/wp\/v2\/pages"}],"about":[{"href":"https:\/\/poll-berlin.de\/galerie\/wp-json\/wp\/v2\/types\/page"}],"author":[{"embeddable":true,"href":"https:\/\/poll-berlin.de\/galerie\/wp-json\/wp\/v2\/users\/1"}],"replies":[{"embeddable":true,"href":"https:\/\/poll-berlin.de\/galerie\/wp-json\/wp\/v2\/comments?post=1134"}],"version-history":[{"count":8,"href":"https:\/\/poll-berlin.de\/galerie\/wp-json\/wp\/v2\/pages\/1134\/revisions"}],"predecessor-version":[{"id":43714,"href":"https:\/\/poll-berlin.de\/galerie\/wp-json\/wp\/v2\/pages\/1134\/revisions\/43714"}],"up":[{"embeddable":true,"href":"https:\/\/poll-berlin.de\/galerie\/wp-json\/wp\/v2\/pages\/1078"}],"wp:attachment":[{"href":"https:\/\/poll-berlin.de\/galerie\/wp-json\/wp\/v2\/media?parent=1134"}],"curies":[{"name":"wp","href":"https:\/\/api.w.org\/{rel}","templated":true}]}}