{"id":1058,"date":"2021-06-22T12:22:31","date_gmt":"2021-06-22T10:22:31","guid":{"rendered":"https:\/\/poll-berlin.de\/galerie\/?page_id=1058"},"modified":"2026-03-11T13:44:17","modified_gmt":"2026-03-11T12:44:17","slug":"ausstellungen","status":"publish","type":"page","link":"https:\/\/poll-berlin.de\/galerie\/kuenstler-der-galerie\/markus-draper\/ausstellungen\/","title":{"rendered":"Ausstellungen"},"content":{"rendered":"\n<p><strong>Einzelausstellungen (Auswahl)<\/strong><\/p>\n\n\n\n<div style=\"height:10px\" aria-hidden=\"true\" class=\"wp-block-spacer\"><\/div>\n\n\n\n<figure class=\"wp-block-table\"><table><tbody><tr><td>2024-2025<\/td><td>Albertinum der Staatlichen Kunstsammlungen Dresden<\/td><\/tr><tr><td>2023<\/td><td>Galerie Poll, Berlin<br>K\u00fcnstlerhaus Bethanien, Berlin<\/td><\/tr><tr><td>2021<\/td><td>Galerie Poll, Berlin<\/td><\/tr><tr><td>2015<\/td><td>Kulturhistorisches Museum G\u00f6rlitz<br>Bourouina Gallery, Berlin<\/td><\/tr><tr><td>2014<\/td><td>Kunsthaus Dresden<br>Berlinische Galerie &#8211; Museum f\u00fcr Moderne Kunst<\/td><\/tr><tr><td>2013<\/td><td>Bourouina Gallery, Berlin<\/td><\/tr><tr><td>2011<\/td><td>Vogt Gallery, New York City<br>Neue Galerie Gladbeck<\/td><\/tr><tr><td>2010<\/td><td>Galerie Gebr. Lehmann, Berlin<\/td><\/tr><tr><td>2009<\/td><td>Sun Gallery, M\u00fcnchen<\/td><\/tr><tr><td>2008<\/td><td>Galerie Gebr. Lehmann, Dresden<br>KMA 36, Berlin<\/td><\/tr><tr><td>2007<\/td><td>Residenzschloss der Staatlichen Kunstsammlungen Dresden<\/td><\/tr><tr><td>2006<\/td><td>Autocenter, Berlin<br>Sandroni Rey, Los Angeles (mit Thoralf Knobloch)<\/td><\/tr><tr><td>2002\/2004<\/td><td>Galerie Gebr. Lehmann, Dresden<\/td><\/tr><tr><td>2000<\/td><td>Hochschule f\u00fcr Bildende K\u00fcnste, Dresden<br>Galerie Gebr. Lehmann, Dresden<br>Kunsthandlung H\u00f6hne, Cuxhaven<\/td><\/tr><tr><td>1999<\/td><td>LeRoy Neiman Gallery, Columbia University, New York City<\/td><\/tr><\/tbody><\/table><\/figure>\n\n\n\n<div style=\"height:10px\" aria-hidden=\"true\" class=\"wp-block-spacer\"><\/div>\n\n\n\n<p><strong>Gruppenausstellungen (Auswahl)<\/strong><\/p>\n\n\n\n<div style=\"height:10px\" aria-hidden=\"true\" class=\"wp-block-spacer\"><\/div>\n\n\n\n<figure class=\"wp-block-table\"><table><tbody><tr><td>2026<\/td><td>Neuer Berliner Kunstverein (NBK)<\/td><\/tr><tr><td>2025<\/td><td>DAS MINSK Kunsthaus in Potsdam<\/td><\/tr><tr><td>2020<\/td><td>Kupferstich-Kabinett der Staatlichen Kunstsammlungen Dresden<\/td><\/tr><tr><td>2019<\/td><td>Motorenhalle, Dresden<br>Halle 14, Leipziger Baumwollspinnerei<\/td><\/tr><tr><td>2018<\/td><td>Niels Borch Jensen Gallery &amp; Editions, Berlin<\/td><\/tr><tr><td>2017<\/td><td>Galerie f\u00fcr Zeitgen\u00f6ssische Kunst, Leipzig<br>Galerie Hrani\u010da\u0159, \u00dast\u00ed nad Labem<br>Kunstsammlungen Chemnitz<\/td><\/tr><tr><td>2016<\/td><td>St\u00e4dtisches Kunstmuseum Spendhaus, Reutlingen<\/td><\/tr><tr><td>2015<\/td><td>Berlinische Galerie &#8211; Museum f\u00fcr Moderne Kunst<br>Kunstsammlungen Zwickau<br>St\u00e4dtische Galerie Dresden<\/td><\/tr><tr><td>2014<\/td><td>Kloster Unser Lieben Frauen, Magdeburg<br>Kunsthalle im Lipsiusbau, Dresden<br>Bourouina Gallery, Berlin<\/td><\/tr><tr><td>2013<\/td><td>Museum Belv\u00e9d\u00e8re, Heerenveen (Niederlande)<br>Kulturhistorisches Museum G\u00f6rlitz<br>Locks Gallery, Philadelphia<br>Kunsthalle im Lipsiusbau, Dresden<br>M\u00e4rkisches Museum Witten<br>Autocenter, Berlin<\/td><\/tr><tr><td>2012<\/td><td>Deutsches Hygiene-Museum, Dresden<br>Ko\u0142o Plastyk\u00f3w, Warschau<br>Albertinum der Staatlichen Kunstsammlungen Dresden<br>Kunstlaboratorium, Vestfossen (Norwegen)<br>Tiroler Landesmuseum Ferdinandeum, Innsbruck<\/td><\/tr><tr><td>2011<\/td><td>Georg Kolbe Museum, Berlin<br>Galerie Gebr. Lehmann, Berlin<\/td><\/tr><tr><td>2010<\/td><td>Museum Folkwang, Essen<br>Albertinum der Staatlichen Kunstsammlungen Dresden<br>M\u00e4rkisches Museum Witten<\/td><\/tr><tr><td>2009<\/td><td>Galerie f\u00fcr Zeitgen\u00f6ssische Kunst, Leipzig<\/td><\/tr><tr><td>2008<\/td><td>National Art Museum of China, Peking<br>Willy-Brandt-Haus, Berlin<\/td><\/tr><tr><td>2007<\/td><td>7th Baltic Biennial of Contemporary Art, National Museum, Szczecin (Polen)<br>VestfossenKunstlaboratorium (Norwegen)<br>Berlinische Galerie &#8211; Museum f\u00fcr Moderne Kunst<br>Arken Museum f\u00fcr moderne Kunst, Ishoj (D\u00e4nemark)<\/td><\/tr><tr><td>2006<\/td><td>K\u00fcnstlerhaus Bethanien, Berlin<br>Marella Gallery, Mailand<br>Galerie Michael Neff, Frankfurt am Main<br>Kupferstich-Kabinett der Staatlichen Kunstsammlungen Dresden<\/td><\/tr><tr><td>2005<\/td><td>Prague Biennale 2, Karlin Hall, Prag<br>Goethe-Institut, Rotterdam<br>Kunstverein R\u00fcgen, Putbus<\/td><\/tr><tr><td>2004<\/td><td>Kunsthaus Dresden<br>Autocenter, Berlin<br>Galerie Gebr. Lehmann, Dresden<br>Galerie Weltraum, M\u00fcnchen<\/td><\/tr><tr><td>2003<\/td><td>Pictura, Dordrecht (Niederlande)<br>Oldenburger Kunstverein<\/td><\/tr><tr><td>2002<\/td><td>Kunstmuseum Bonn<br>Galerie Michael Neff, Frankfurt am Main<br>N\u00e1rodni Galerie, Prag<\/td><\/tr><tr><td>2001<\/td><td>Fondazione Ado Furlan, Pordenone (Italien)<br>Galerie M\u00fcnsterland, Emsdetten<br>Galerie Gebr. Lehmann, Dresden<br>Kunsthaus Dresden<br>Oktogon der Hochschule f\u00fcr Bildende K\u00fcnste Dresden<br>St\u00e4dtische Galerie Gladbeck<\/td><\/tr><tr><td>2000<\/td><td>St\u00e4dtisches Museum Zwickau<br>Kunstsammlung Gera<br>Altes Hauptzollamt, Frankfurt am Main<\/td><\/tr><tr><td>1997<\/td><td>Bundeskunsthalle, Bonn<br>Goethe-Institut, London<br>Leonhardi-Museum, Dresden<\/td><\/tr><tr><td>1995<\/td><td>Stadtmuseum Bautzen<\/td><\/tr><tr><td>1994<\/td><td>Hochschule f\u00fcr Bildende K\u00fcnste, Dresden<\/td><\/tr><\/tbody><\/table><\/figure>\n","protected":false},"excerpt":{"rendered":"<p>Einzelausstellungen (Auswahl) 2024-2025 Albertinum der Staatlichen Kunstsammlungen Dresden 2023 Galerie Poll, BerlinK\u00fcnstlerhaus Bethanien, Berlin 2021 Galerie Poll, Berlin 2015 Kulturhistorisches Museum G\u00f6rlitzBourouina Gallery, Berlin 2014 Kunsthaus DresdenBerlinische Galerie &#8211; Museum f\u00fcr Moderne Kunst 2013 Bourouina Gallery, Berlin 2011 Vogt Gallery, New York CityNeue Galerie Gladbeck 2010 Galerie Gebr. Lehmann, Berlin 2009 Sun Gallery, M\u00fcnchen 2008 [&hellip;]<\/p>\n","protected":false},"author":1,"featured_media":0,"parent":1055,"menu_order":1,"comment_status":"closed","ping_status":"closed","template":"kuenstler-text.php","meta":{"_acf_changed":false,"footnotes":""},"class_list":["post-1058","page","type-page","status-publish","hentry"],"acf":[],"_links":{"self":[{"href":"https:\/\/poll-berlin.de\/galerie\/wp-json\/wp\/v2\/pages\/1058","targetHints":{"allow":["GET"]}}],"collection":[{"href":"https:\/\/poll-berlin.de\/galerie\/wp-json\/wp\/v2\/pages"}],"about":[{"href":"https:\/\/poll-berlin.de\/galerie\/wp-json\/wp\/v2\/types\/page"}],"author":[{"embeddable":true,"href":"https:\/\/poll-berlin.de\/galerie\/wp-json\/wp\/v2\/users\/1"}],"replies":[{"embeddable":true,"href":"https:\/\/poll-berlin.de\/galerie\/wp-json\/wp\/v2\/comments?post=1058"}],"version-history":[{"count":20,"href":"https:\/\/poll-berlin.de\/galerie\/wp-json\/wp\/v2\/pages\/1058\/revisions"}],"predecessor-version":[{"id":45444,"href":"https:\/\/poll-berlin.de\/galerie\/wp-json\/wp\/v2\/pages\/1058\/revisions\/45444"}],"up":[{"embeddable":true,"href":"https:\/\/poll-berlin.de\/galerie\/wp-json\/wp\/v2\/pages\/1055"}],"wp:attachment":[{"href":"https:\/\/poll-berlin.de\/galerie\/wp-json\/wp\/v2\/media?parent=1058"}],"curies":[{"name":"wp","href":"https:\/\/api.w.org\/{rel}","templated":true}]}}